{"id":3115,"date":"2021-02-25T06:21:25","date_gmt":"2021-02-25T06:21:25","guid":{"rendered":"https:\/\/ismsancarlos.cl\/site\/?page_id=3115"},"modified":"2023-01-06T10:25:28","modified_gmt":"2023-01-06T13:25:28","slug":"ciclo-medio","status":"publish","type":"page","link":"https:\/\/ismsancarlos.cl\/site2\/ciclo-medio\/","title":{"rendered":"Ciclo Medio"},"content":{"rendered":"<p>[vc_row][vc_column][stm_title sep_color=\u00bbcustom\u00bb page_title_enable=\u00bbtrue\u00bb sep_enable=\u00bbtrue\u00bb sep_color_custom=\u00bb#fad900&#8243;][\/stm_title][\/vc_column][\/vc_row][vc_row][vc_column width=\u00bb7\/12&#8243;][vc_column_text]El Ciclo de Ense\u00f1anza Media est\u00e1 conformado por los cursos de S\u00e9ptimo a Cuarto de Ense\u00f1anza Media. La funci\u00f3n de la coordinadora se sustenta en el conocimiento, apropiaci\u00f3n y la difusi\u00f3n del PEI, a trav\u00e9s de la gesti\u00f3n para lograr un clima organizacional basado en la sana convivencia escolar, favorecer y velar para que las actividades del ciclo se realicen y desarrollen de acuerdo a las normas de disciplina, orden y seguridad que resguarde los aprendizajes de todos los estudiantes.<\/p>\n<p>Planificar las actividades y coordinar los recursos existentes, permite una mejor administraci\u00f3n de ellos en beneficio del trabajo docente y de los aprendizajes de los alumnos(as).<\/p>\n<p>La entrega de informaci\u00f3n clara y expedita favorece la toma de decisiones para un trabajo colaborativo y de interrelaciones entre los diferentes estamentos.<\/p>\n<p>Para asegurar la efectividad en la gesti\u00f3n escolar del Ciclo es necesario contar con normativas consensuadas en la cual participen todos los actores del ciclo, esta se logra creando instancias democr\u00e1ticas para analizar las problem\u00e1ticas que surgen del quehacer cotidiano y dar de esta forma respuesta a las necesidades que surgen de la comunidad escolar (alumnos, docentes y apoderados), que involucra al Colegio y a este Ciclo espec\u00edficamente.<\/p>\n<p>Todo este trabajo de gesti\u00f3n que realiza la Coordinaci\u00f3n, se deriva de los lineamientos provenientes de la Direcci\u00f3n del Colegio.[\/vc_column_text][\/vc_column][vc_column width=\u00bb5\/12&#8243;][stm_single_image img_responsive_enable=\u00bbtrue\u00bb img_id=\u00bb12308&#8243; img_size=\u00bbfull\u00bb css=\u00bb.vc_custom_1673009362029{margin-bottom: 10px !important;}\u00bb][stm_text_box title_tag=\u00bbh6&#8243; text_color=\u00bbcustom\u00bb stm_bg_color=\u00bbcustom\u00bb css=\u00bb.vc_custom_1673011511200{margin-bottom: 0px !important;padding-top: 20px !important;padding-right: 20px !important;padding-bottom: 0px !important;padding-left: 20px !important;}\u00bb title=\u00bbAng\u00e9lica Mora\u00bb title_font_size=\u00bb16px\u00bb title_line_height=\u00bb18px\u00bb title_margin_b=\u00bb10px\u00bb text_color_custom=\u00bb#1e73be\u00bb text_font_size=\u00bb12px\u00bb text_line_height=\u00bb16px\u00bb text_margin_b=\u00bb0px\u00bb]Coordinadora Ciclo Educaci\u00f3n Media[\/stm_text_box][stm_teacher_contact_details teacher_email=\u00bbangelica.mora@ismsancarlos.cl\u00bb css=\u00bb.vc_custom_1673011526334{margin-top: 0px !important;padding-top: 0px !important;padding-right: 20px !important;padding-left: 20px !important;}\u00bb][\/vc_column][\/vc_row][vc_row full_width=\u00bbstretch_row\u00bb css=\u00bb.vc_custom_1616440306170{background-color: #ffffff !important;}\u00bb][vc_column][vc_tta_tabs stm_tabs_style=\u00bbstyle-3&#8243; style=\u00bbflat\u00bb shape=\u00bbsquare\u00bb color=\u00bbblue\u00bb alignment=\u00bbcenter\u00bb active_section=\u00bb1&#8243; no_fill_content_area=\u00bbtrue\u00bb title=\u00bbProfesores por departamento\u00bb][vc_tta_section title=\u00bbMatem\u00e1ticas\u00bb tab_id=\u00bb1614310271630-4224838c-b589&#8243;][vc_row_inner][vc_column_inner width=\u00bb1\/4&#8243;][stm_single_image img_id=\u00bb5280&#8243;][stm_text_box title_tag=\u00bbh6&#8243; text_color=\u00bbcustom\u00bb stm_bg_color=\u00bbcustom\u00bb stm_bg_color_custom=\u00bb#ffffff\u00bb css=\u00bb.vc_custom_1618526112824{margin-bottom: 0px !important;padding-top: 20px !important;padding-right: 20px !important;padding-bottom: 0px !important;padding-left: 20px !important;}\u00bb title=\u00bbCecilia Falcon\u00bb title_font_size=\u00bb16px\u00bb title_line_height=\u00bb18px\u00bb title_margin_b=\u00bb10px\u00bb text_color_custom=\u00bb#1e73be\u00bb text_font_size=\u00bb12px\u00bb text_line_height=\u00bb16px\u00bb text_margin_b=\u00bb0px\u00bb]Profesora de Matem\u00e1ticas[\/stm_text_box][stm_teacher_contact_details teacher_email=\u00bbcecilia.falcon@ismsancarlos.cl\u00bb css=\u00bb.vc_custom_1618526138585{margin-top: 0px !important;padding-top: 0px !important;padding-right: 20px !important;padding-left: 20px !important;}\u00bb][\/vc_column_inner][vc_column_inner width=\u00bb1\/4&#8243;][stm_single_image img_responsive_enable=\u00bbtrue\u00bb img_id=\u00bb5304&#8243;][stm_text_box title_tag=\u00bbh6&#8243; text_color=\u00bbcustom\u00bb stm_bg_color=\u00bbcustom\u00bb stm_bg_color_custom=\u00bb#ffffff\u00bb css=\u00bb.vc_custom_1617203081718{margin-bottom: 0px !important;padding-top: 20px !important;padding-right: 20px !important;padding-bottom: 0px !important;padding-left: 20px !important;}\u00bb title=\u00bbCELSO VIVALLO\u00bb title_font_size=\u00bb16px\u00bb title_line_height=\u00bb18px\u00bb title_margin_b=\u00bb10px\u00bb text_color_custom=\u00bb#1e73be\u00bb text_font_size=\u00bb12px\u00bb text_line_height=\u00bb16px\u00bb text_margin_b=\u00bb0px\u00bb]Profesor de Matem\u00e1ticas[\/stm_text_box][stm_teacher_contact_details teacher_email=\u00bbcelso.vivallo@ismsancarlos.cl\u00bb css=\u00bb.vc_custom_1617203233657{margin-top: 0px !important;padding-top: 0px !important;padding-right: 20px !important;padding-left: 20px !important;}\u00bb][\/vc_column_inner][vc_column_inner width=\u00bb1\/4&#8243;][stm_single_image img_responsive_enable=\u00bbtrue\u00bb img_id=\u00bb5338&#8243;][stm_text_box title_tag=\u00bbh6&#8243; text_color=\u00bbcustom\u00bb stm_bg_color=\u00bbcustom\u00bb stm_bg_color_custom=\u00bb#ffffff\u00bb css=\u00bb.vc_custom_1618526491179{margin-bottom: 0px !important;padding-top: 20px !important;padding-right: 20px !important;padding-bottom: 0px !important;padding-left: 20px !important;}\u00bb title=\u00bbDaniela Guti\u00e9rrez\u00bb title_font_size=\u00bb16px\u00bb title_line_height=\u00bb18px\u00bb title_margin_b=\u00bb10px\u00bb text_color_custom=\u00bb#1e73be\u00bb text_font_size=\u00bb12px\u00bb text_line_height=\u00bb16px\u00bb text_margin_b=\u00bb0px\u00bb]Profesora de Matem\u00e1ticas[\/stm_text_box][stm_teacher_contact_details teacher_email=\u00bbdaniela.gutierrez@ismsancarlos.cl\u00bb css=\u00bb.vc_custom_1618526509649{margin-top: 0px !important;padding-top: 0px !important;padding-right: 20px !important;padding-left: 20px !important;}\u00bb][\/vc_column_inner][vc_column_inner width=\u00bb1\/4&#8243;][stm_single_image img_responsive_enable=\u00bbtrue\u00bb img_id=\u00bb4238&#8243;][stm_text_box title_tag=\u00bbh6&#8243; text_color=\u00bbcustom\u00bb stm_bg_color=\u00bbcustom\u00bb stm_bg_color_custom=\u00bb#ffffff\u00bb css=\u00bb.vc_custom_1618526218737{margin-bottom: 0px !important;padding-top: 20px !important;padding-right: 20px !important;padding-bottom: 0px !important;padding-left: 20px !important;}\u00bb title=\u00bbMargarita Sep\u00falveda\u00bb title_font_size=\u00bb16px\u00bb title_line_height=\u00bb18px\u00bb title_margin_b=\u00bb10px\u00bb text_color_custom=\u00bb#1e73be\u00bb text_font_size=\u00bb12px\u00bb text_line_height=\u00bb16px\u00bb text_margin_b=\u00bb0px\u00bb]Profesora de Matem\u00e1ticas[\/stm_text_box][stm_teacher_contact_details teacher_email=\u00bbmargarita.sepulveda@ismsancarlos.cl\u00bb css=\u00bb.vc_custom_1618526239415{margin-top: 0px !important;padding-top: 0px !important;padding-right: 20px !important;padding-left: 20px !important;}\u00bb][\/vc_column_inner][\/vc_row_inner][vc_row_inner][vc_column_inner width=\u00bb1\/4&#8243;][stm_single_image img_id=\u00bb5281&#8243;][stm_text_box title_tag=\u00bbh6&#8243; text_color=\u00bbcustom\u00bb stm_bg_color=\u00bbcustom\u00bb stm_bg_color_custom=\u00bb#ffffff\u00bb css=\u00bb.vc_custom_1648425449567{margin-bottom: 0px !important;padding-top: 20px !important;padding-right: 20px !important;padding-bottom: 0px !important;padding-left: 20px !important;}\u00bb title=\u00bbPALOMA HERRERA\u00bb title_font_size=\u00bb16px\u00bb title_line_height=\u00bb18px\u00bb title_margin_b=\u00bb10px\u00bb text_color_custom=\u00bb#1e73be\u00bb text_font_size=\u00bb12px\u00bb text_line_height=\u00bb16px\u00bb text_margin_b=\u00bb0px\u00bb]Profesora de Matem\u00e1ticas[\/stm_text_box][stm_teacher_contact_details teacher_email=\u00bbpaloma.herrera@ismsancarlos.cl\u00bb css=\u00bb.vc_custom_1648425464268{margin-top: 0px !important;padding-top: 0px !important;padding-right: 20px !important;padding-left: 20px !important;}\u00bb][\/vc_column_inner][\/vc_row_inner][\/vc_tta_section][vc_tta_section title=\u00bbHistoria y Filosof\u00eda\u00bb tab_id=\u00bb1614311324147-7962e43a-b26b\u00bb][vc_row_inner][vc_column_inner width=\u00bb1\/4&#8243;][stm_single_image img_responsive_enable=\u00bbtrue\u00bb img_id=\u00bb5283&#8243;][stm_text_box title_tag=\u00bbh6&#8243; text_color=\u00bbcustom\u00bb stm_bg_color=\u00bbcustom\u00bb stm_bg_color_custom=\u00bb#ffffff\u00bb css=\u00bb.vc_custom_1618526892532{margin-bottom: 0px !important;padding-top: 20px !important;padding-right: 20px !important;padding-bottom: 0px !important;padding-left: 20px !important;}\u00bb title=\u00bbAlejandro Villanueva\u00bb title_font_size=\u00bb16px\u00bb title_line_height=\u00bb18px\u00bb title_margin_b=\u00bb10px\u00bb text_color_custom=\u00bb#1e73be\u00bb text_font_size=\u00bb12px\u00bb text_line_height=\u00bb16px\u00bb text_margin_b=\u00bb0px\u00bb]Profesor de Historia[\/stm_text_box][stm_teacher_contact_details teacher_email=\u00bbalejandro.villanueva@ismsancarlos.cl\u00bb css=\u00bb.vc_custom_1618526916848{margin-top: 0px !important;padding-top: 0px !important;padding-right: 20px !important;padding-left: 20px !important;}\u00bb][\/vc_column_inner][vc_column_inner width=\u00bb1\/4&#8243;][stm_single_image img_responsive_enable=\u00bbtrue\u00bb img_id=\u00bb4198&#8243;][stm_text_box title_tag=\u00bbh6&#8243; text_color=\u00bbcustom\u00bb stm_bg_color=\u00bbcustom\u00bb stm_bg_color_custom=\u00bb#ffffff\u00bb css=\u00bb.vc_custom_1618527051327{margin-bottom: 0px !important;padding-top: 20px !important;padding-right: 20px !important;padding-bottom: 0px !important;padding-left: 20px !important;}\u00bb title=\u00bbJuan Pablo Breton\u00bb title_font_size=\u00bb16px\u00bb title_line_height=\u00bb18px\u00bb title_margin_b=\u00bb10px\u00bb text_color_custom=\u00bb#1e73be\u00bb text_font_size=\u00bb12px\u00bb text_line_height=\u00bb16px\u00bb text_margin_b=\u00bb0px\u00bb]Profesor de Filosof\u00eda[\/stm_text_box][stm_teacher_contact_details teacher_email=\u00bbjuanpablo.breton@ismsancarlos.cl\u00bb css=\u00bb.vc_custom_1618527011954{margin-top: 0px !important;padding-top: 0px !important;padding-right: 20px !important;padding-left: 20px !important;}\u00bb][\/vc_column_inner][vc_column_inner width=\u00bb1\/4&#8243;][stm_single_image img_responsive_enable=\u00bbtrue\u00bb img_id=\u00bb4217&#8243;][stm_text_box title_tag=\u00bbh6&#8243; text_color=\u00bbcustom\u00bb stm_bg_color=\u00bbcustom\u00bb stm_bg_color_custom=\u00bb#ffffff\u00bb css=\u00bb.vc_custom_1618526807623{margin-bottom: 0px !important;padding-top: 20px !important;padding-right: 20px !important;padding-bottom: 0px !important;padding-left: 20px !important;}\u00bb title=\u00bbPamela Montecinos\u00bb title_font_size=\u00bb16px\u00bb title_line_height=\u00bb18px\u00bb title_margin_b=\u00bb10px\u00bb text_color_custom=\u00bb#1e73be\u00bb text_font_size=\u00bb12px\u00bb text_line_height=\u00bb16px\u00bb text_margin_b=\u00bb0px\u00bb]Profesora de Historia[\/stm_text_box][stm_teacher_contact_details teacher_email=\u00bbpamela.montecinos@ismsancarlos.cl\u00bb css=\u00bb.vc_custom_1618526847398{margin-top: 0px !important;padding-top: 0px !important;padding-right: 20px !important;padding-left: 20px !important;}\u00bb][\/vc_column_inner][vc_column_inner width=\u00bb1\/4&#8243;][stm_single_image img_responsive_enable=\u00bbtrue\u00bb img_id=\u00bb4219&#8243;][stm_text_box title_tag=\u00bbh6&#8243; text_color=\u00bbcustom\u00bb stm_bg_color=\u00bbcustom\u00bb stm_bg_color_custom=\u00bb#ffffff\u00bb css=\u00bb.vc_custom_1618526698556{margin-bottom: 0px !important;padding-top: 20px !important;padding-right: 20px !important;padding-bottom: 0px !important;padding-left: 20px !important;}\u00bb title=\u00bbNelson Gatica\u00bb title_font_size=\u00bb16px\u00bb title_line_height=\u00bb18px\u00bb title_margin_b=\u00bb10px\u00bb text_color_custom=\u00bb#1e73be\u00bb text_font_size=\u00bb12px\u00bb text_line_height=\u00bb16px\u00bb text_margin_b=\u00bb0px\u00bb]Profesor de Historia[\/stm_text_box][stm_teacher_contact_details teacher_email=\u00bbnelson.gatica@ismsancarlos.cl\u00bb css=\u00bb.vc_custom_1618526729008{margin-top: 0px !important;padding-top: 0px !important;padding-right: 20px !important;padding-left: 20px !important;}\u00bb][\/vc_column_inner][\/vc_row_inner][vc_row_inner][vc_column_inner width=\u00bb1\/4&#8243;][stm_single_image img_responsive_enable=\u00bbtrue\u00bb img_id=\u00bb6327&#8243;][stm_text_box title_tag=\u00bbh6&#8243; text_color=\u00bbcustom\u00bb stm_bg_color=\u00bbcustom\u00bb stm_bg_color_custom=\u00bb#ffffff\u00bb css=\u00bb.vc_custom_1652106753993{margin-bottom: 0px !important;padding-top: 20px !important;padding-right: 20px !important;padding-bottom: 0px !important;padding-left: 20px !important;}\u00bb title=\u00bbMar\u00eda Ignacia Urra Poblete\u00bb title_font_size=\u00bb16px\u00bb title_line_height=\u00bb18px\u00bb title_margin_b=\u00bb10px\u00bb text_color_custom=\u00bb#1e73be\u00bb text_font_size=\u00bb12px\u00bb text_line_height=\u00bb16px\u00bb text_margin_b=\u00bb0px\u00bb]Profesor de Historia[\/stm_text_box][stm_teacher_contact_details teacher_email=\u00bbmaria.urra@ismsancarlos.cl\u00bb css=\u00bb.vc_custom_1652106772262{margin-top: 0px !important;padding-top: 0px !important;padding-right: 20px !important;padding-left: 20px !important;}\u00bb][\/vc_column_inner][\/vc_row_inner][\/vc_tta_section][vc_tta_section title=\u00bbReligi\u00f3n\u00bb tab_id=\u00bb1614311327055-af864d66-2aa9&#8243;][vc_row_inner][vc_column_inner width=\u00bb1\/4&#8243;][stm_single_image img_responsive_enable=\u00bbtrue\u00bb img_id=\u00bb4244&#8243;][stm_text_box title_tag=\u00bbh6&#8243; text_color=\u00bbcustom\u00bb stm_bg_color=\u00bbcustom\u00bb stm_bg_color_custom=\u00bb#ffffff\u00bb css=\u00bb.vc_custom_1647864165599{margin-bottom: 0px !important;padding-top: 20px !important;padding-right: 20px !important;padding-bottom: 0px !important;padding-left: 20px !important;}\u00bb title=\u00bbAndrea Torres\u00bb title_font_size=\u00bb16px\u00bb title_line_height=\u00bb18px\u00bb title_margin_b=\u00bb10px\u00bb text_color_custom=\u00bb#1e73be\u00bb text_font_size=\u00bb12px\u00bb text_line_height=\u00bb16px\u00bb text_margin_b=\u00bb0px\u00bb]Profesora de Religi\u00f3n[\/stm_text_box][stm_teacher_contact_details teacher_email=\u00bbandrea.torres@ismsancarlos.cl\u00bb css=\u00bb.vc_custom_1619120518394{margin-top: 0px !important;padding-top: 0px !important;padding-right: 20px !important;padding-left: 20px !important;}\u00bb][\/vc_column_inner][vc_column_inner width=\u00bb1\/4&#8243;][stm_single_image img_responsive_enable=\u00bbtrue\u00bb img_id=\u00bb5296&#8243;][stm_text_box title_tag=\u00bbh6&#8243; text_color=\u00bbcustom\u00bb stm_bg_color=\u00bbcustom\u00bb stm_bg_color_custom=\u00bb#ffffff\u00bb css=\u00bb.vc_custom_1648425688876{margin-bottom: 0px !important;padding-top: 20px !important;padding-right: 20px !important;padding-bottom: 0px !important;padding-left: 20px !important;}\u00bb title=\u00bbANITA BUSTOS\u00bb title_font_size=\u00bb16px\u00bb title_line_height=\u00bb18px\u00bb title_margin_b=\u00bb10px\u00bb text_color_custom=\u00bb#1e73be\u00bb text_font_size=\u00bb12px\u00bb text_line_height=\u00bb16px\u00bb text_margin_b=\u00bb0px\u00bb]Profesora de Religi\u00f3n[\/stm_text_box][stm_teacher_contact_details teacher_email=\u00bbanita.bustos@ismsancarlos.cl\u00bb css=\u00bb.vc_custom_1648425714539{margin-top: 0px !important;padding-top: 0px !important;padding-right: 20px !important;padding-left: 20px !important;}\u00bb][\/vc_column_inner][vc_column_inner width=\u00bb1\/4&#8243;][stm_single_image img_responsive_enable=\u00bbtrue\u00bb img_id=\u00bb5285&#8243;][stm_text_box title_tag=\u00bbh6&#8243; text_color=\u00bbcustom\u00bb stm_bg_color=\u00bbcustom\u00bb stm_bg_color_custom=\u00bb#ffffff\u00bb css=\u00bb.vc_custom_1648425774229{margin-bottom: 0px !important;padding-top: 20px !important;padding-right: 20px !important;padding-bottom: 0px !important;padding-left: 20px !important;}\u00bb title=\u00bbROSITA POZAS\u00bb title_font_size=\u00bb16px\u00bb title_line_height=\u00bb18px\u00bb title_margin_b=\u00bb10px\u00bb text_color_custom=\u00bb#1e73be\u00bb text_font_size=\u00bb12px\u00bb text_line_height=\u00bb16px\u00bb text_margin_b=\u00bb0px\u00bb]Profesora de Religi\u00f3n[\/stm_text_box][stm_teacher_contact_details teacher_email=\u00bbrosita.pozas@ismsancarlos.cl\u00bb css=\u00bb.vc_custom_1648425797548{margin-top: 0px !important;padding-top: 0px !important;padding-right: 20px !important;padding-left: 20px !important;}\u00bb][\/vc_column_inner][vc_column_inner width=\u00bb1\/4&#8243;][stm_single_image img_responsive_enable=\u00bbtrue\u00bb img_id=\u00bb4635&#8243;][stm_text_box title_tag=\u00bbh6&#8243; text_color=\u00bbcustom\u00bb stm_bg_color=\u00bbcustom\u00bb stm_bg_color_custom=\u00bb#ffffff\u00bb css=\u00bb.vc_custom_1619121160952{margin-bottom: 0px !important;padding-top: 20px !important;padding-right: 20px !important;padding-bottom: 0px !important;padding-left: 20px !important;}\u00bb title=\u00bbRogelio San Mart\u00edn\u00bb title_font_size=\u00bb16px\u00bb title_line_height=\u00bb18px\u00bb title_margin_b=\u00bb10px\u00bb text_color_custom=\u00bb#1e73be\u00bb text_font_size=\u00bb12px\u00bb text_line_height=\u00bb16px\u00bb text_margin_b=\u00bb0px\u00bb]Profesor de Religi\u00f3n[\/stm_text_box][stm_teacher_contact_details teacher_email=\u00bbrogelio.sanmartin@ismsancarlos.cl\u00bb css=\u00bb.vc_custom_1619121172691{margin-top: 0px !important;padding-top: 0px !important;padding-right: 20px !important;padding-left: 20px !important;}\u00bb][\/vc_column_inner][\/vc_row_inner][vc_row_inner][vc_column_inner width=\u00bb1\/4&#8243;][stm_single_image img_responsive_enable=\u00bbtrue\u00bb img_id=\u00bb5306&#8243;][stm_text_box title_tag=\u00bbh6&#8243; text_color=\u00bbcustom\u00bb stm_bg_color=\u00bbcustom\u00bb stm_bg_color_custom=\u00bb#ffffff\u00bb css=\u00bb.vc_custom_1648425884285{margin-bottom: 0px !important;padding-top: 20px !important;padding-right: 20px !important;padding-bottom: 0px !important;padding-left: 20px !important;}\u00bb title=\u00bbRAMONA RODRIGUEZ\u00bb title_font_size=\u00bb16px\u00bb title_line_height=\u00bb18px\u00bb title_margin_b=\u00bb10px\u00bb text_color_custom=\u00bb#1e73be\u00bb text_font_size=\u00bb12px\u00bb text_line_height=\u00bb16px\u00bb text_margin_b=\u00bb0px\u00bb]Profesora de Religi\u00f3n[\/stm_text_box][stm_teacher_contact_details teacher_email=\u00bbramona.rodriguez@ismsancarlos.cl\u00bb css=\u00bb.vc_custom_1648425897246{margin-top: 0px !important;padding-top: 0px !important;padding-right: 20px !important;padding-left: 20px !important;}\u00bb][\/vc_column_inner][\/vc_row_inner][\/vc_tta_section][vc_tta_section title=\u00bbIngl\u00e9s\u00bb tab_id=\u00bb1614311326351-4cf0990c-f302&#8243;][vc_row_inner][vc_column_inner width=\u00bb1\/4&#8243;][stm_single_image img_responsive_enable=\u00bbtrue\u00bb img_id=\u00bb5322&#8243;][stm_text_box title_tag=\u00bbh6&#8243; text_color=\u00bbcustom\u00bb stm_bg_color=\u00bbcustom\u00bb stm_bg_color_custom=\u00bb#ffffff\u00bb css=\u00bb.vc_custom_1618528895050{margin-bottom: 0px !important;padding-top: 20px !important;padding-right: 20px !important;padding-bottom: 0px !important;padding-left: 20px !important;}\u00bb title=\u00bbChristian Morales\u00bb title_font_size=\u00bb16px\u00bb title_line_height=\u00bb18px\u00bb title_margin_b=\u00bb10px\u00bb text_color_custom=\u00bb#1e73be\u00bb text_font_size=\u00bb12px\u00bb text_line_height=\u00bb16px\u00bb text_margin_b=\u00bb0px\u00bb]Profesor de Ingl\u00e9s[\/stm_text_box][stm_teacher_contact_details teacher_email=\u00bbchristian.morales@ismsancarlos.cl\u00bb css=\u00bb.vc_custom_1618528904815{margin-top: 0px !important;padding-top: 0px !important;padding-right: 20px !important;padding-left: 20px !important;}\u00bb][\/vc_column_inner][vc_column_inner width=\u00bb1\/4&#8243;][stm_single_image img_responsive_enable=\u00bbtrue\u00bb img_id=\u00bb5333&#8243;][stm_text_box title_tag=\u00bbh6&#8243; text_color=\u00bbcustom\u00bb stm_bg_color=\u00bbcustom\u00bb stm_bg_color_custom=\u00bb#ffffff\u00bb css=\u00bb.vc_custom_1618528973536{margin-bottom: 0px !important;padding-top: 20px !important;padding-right: 20px !important;padding-bottom: 0px !important;padding-left: 20px !important;}\u00bb title=\u00bbElizabeth Mu\u00f1oz\u00bb title_font_size=\u00bb16px\u00bb title_line_height=\u00bb18px\u00bb title_margin_b=\u00bb10px\u00bb text_color_custom=\u00bb#1e73be\u00bb text_font_size=\u00bb12px\u00bb text_line_height=\u00bb16px\u00bb text_margin_b=\u00bb0px\u00bb]Profesora de Ingl\u00e9s[\/stm_text_box][stm_teacher_contact_details teacher_email=\u00bbelizabeth.munoz@ismsancarlos.cl\u00bb css=\u00bb.vc_custom_1618529155240{margin-top: 0px !important;padding-top: 0px !important;padding-right: 20px !important;padding-left: 20px !important;}\u00bb][\/vc_column_inner][vc_column_inner width=\u00bb1\/4&#8243;][stm_single_image img_responsive_enable=\u00bbtrue\u00bb img_id=\u00bb8722&#8243;][stm_text_box title_tag=\u00bbh6&#8243; text_color=\u00bbcustom\u00bb stm_bg_color=\u00bbcustom\u00bb stm_bg_color_custom=\u00bb#ffffff\u00bb css=\u00bb.vc_custom_1618528776221{margin-bottom: 0px !important;padding-top: 20px !important;padding-right: 20px !important;padding-bottom: 0px !important;padding-left: 20px !important;}\u00bb title=\u00bbIsabel Bahamondes\u00bb title_font_size=\u00bb16px\u00bb title_line_height=\u00bb18px\u00bb title_margin_b=\u00bb10px\u00bb text_color_custom=\u00bb#1e73be\u00bb text_font_size=\u00bb12px\u00bb text_line_height=\u00bb16px\u00bb text_margin_b=\u00bb0px\u00bb]Profesora de Ingl\u00e9s[\/stm_text_box][stm_teacher_contact_details teacher_email=\u00bbisabel.bahamondes@ismsancarlos.cl\u00bb css=\u00bb.vc_custom_1618528787232{margin-top: 0px !important;padding-top: 0px !important;padding-right: 20px !important;padding-left: 20px !important;}\u00bb][\/vc_column_inner][vc_column_inner width=\u00bb1\/4&#8243;][stm_single_image img_responsive_enable=\u00bbtrue\u00bb img_id=\u00bb5343&#8243;][stm_text_box title_tag=\u00bbh6&#8243; text_color=\u00bbcustom\u00bb stm_bg_color=\u00bbcustom\u00bb stm_bg_color_custom=\u00bb#ffffff\u00bb css=\u00bb.vc_custom_1618528844404{margin-bottom: 0px !important;padding-top: 20px !important;padding-right: 20px !important;padding-bottom: 0px !important;padding-left: 20px !important;}\u00bb title=\u00bbVer\u00f3nica Larroucau\u00bb title_font_size=\u00bb16px\u00bb title_line_height=\u00bb18px\u00bb title_margin_b=\u00bb10px\u00bb text_color_custom=\u00bb#1e73be\u00bb text_font_size=\u00bb12px\u00bb text_line_height=\u00bb16px\u00bb text_margin_b=\u00bb0px\u00bb]Profesora de Ingl\u00e9s[\/stm_text_box][stm_teacher_contact_details teacher_email=\u00bbveronica.larroucau@ismsancarlos.cl\u00bb css=\u00bb.vc_custom_1618528852946{margin-top: 0px !important;padding-top: 0px !important;padding-right: 20px !important;padding-left: 20px !important;}\u00bb][\/vc_column_inner][\/vc_row_inner][vc_row_inner][vc_column_inner width=\u00bb1\/4&#8243;][stm_single_image img_id=\u00bb5374&#8243;][stm_text_box title_tag=\u00bbh6&#8243; text_color=\u00bbcustom\u00bb stm_bg_color=\u00bbcustom\u00bb stm_bg_color_custom=\u00bb#ffffff\u00bb css=\u00bb.vc_custom_1618529031727{margin-bottom: 0px !important;padding-top: 20px !important;padding-right: 20px !important;padding-bottom: 0px !important;padding-left: 20px !important;}\u00bb title=\u00bbPatricia Quintana\u00bb title_font_size=\u00bb16px\u00bb title_line_height=\u00bb18px\u00bb title_margin_b=\u00bb10px\u00bb text_color_custom=\u00bb#1e73be\u00bb text_font_size=\u00bb12px\u00bb text_line_height=\u00bb16px\u00bb text_margin_b=\u00bb0px\u00bb]Profesora de Ingl\u00e9s[\/stm_text_box][stm_teacher_contact_details teacher_email=\u00bbpatricia.quintana@ismsancarlos.cl\u00bb css=\u00bb.vc_custom_1618529042486{margin-top: 0px !important;padding-top: 0px !important;padding-right: 20px !important;padding-left: 20px !important;}\u00bb][\/vc_column_inner][vc_column_inner width=\u00bb1\/4&#8243;][\/vc_column_inner][vc_column_inner width=\u00bb1\/4&#8243;][\/vc_column_inner][vc_column_inner width=\u00bb1\/4&#8243;][\/vc_column_inner][\/vc_row_inner][\/vc_tta_section][vc_tta_section title=\u00bbCiencias\u00bb tab_id=\u00bb1614310271631-ad9f16c6-476c\u00bb][vc_row_inner][vc_column_inner width=\u00bb1\/4&#8243;][stm_single_image img_responsive_enable=\u00bbtrue\u00bb img_id=\u00bb5323&#8243;][stm_text_box title_tag=\u00bbh6&#8243; text_color=\u00bbcustom\u00bb stm_bg_color=\u00bbcustom\u00bb stm_bg_color_custom=\u00bb#ffffff\u00bb css=\u00bb.vc_custom_1618530857554{margin-bottom: 0px !important;padding-top: 20px !important;padding-right: 20px !important;padding-bottom: 0px !important;padding-left: 20px !important;}\u00bb title=\u00bbIngrid Loyola\u00bb title_font_size=\u00bb16px\u00bb title_line_height=\u00bb18px\u00bb title_margin_b=\u00bb10px\u00bb text_color_custom=\u00bb#1e73be\u00bb text_font_size=\u00bb12px\u00bb text_line_height=\u00bb16px\u00bb text_margin_b=\u00bb0px\u00bb]Profesora de Biolog\u00eda[\/stm_text_box][stm_teacher_contact_details teacher_email=\u00bbingrid.loyola@ismsancarlos.cl\u00bb css=\u00bb.vc_custom_1618530728347{margin-top: 0px !important;padding-top: 0px !important;padding-right: 20px !important;padding-left: 20px !important;}\u00bb][\/vc_column_inner][vc_column_inner width=\u00bb1\/4&#8243;][stm_single_image img_responsive_enable=\u00bbtrue\u00bb img_id=\u00bb5329&#8243;][stm_text_box title_tag=\u00bbh6&#8243; text_color=\u00bbcustom\u00bb stm_bg_color=\u00bbcustom\u00bb stm_bg_color_custom=\u00bb#ffffff\u00bb css=\u00bb.vc_custom_1619104967962{margin-bottom: 0px !important;padding-top: 20px !important;padding-right: 20px !important;padding-bottom: 0px !important;padding-left: 20px !important;}\u00bb title=\u00bbKarina Aguayo\u00bb title_font_size=\u00bb16px\u00bb title_line_height=\u00bb18px\u00bb title_margin_b=\u00bb10px\u00bb text_color_custom=\u00bb#1e73be\u00bb text_font_size=\u00bb12px\u00bb text_line_height=\u00bb16px\u00bb text_margin_b=\u00bb0px\u00bb]Profesora de Ciencias[\/stm_text_box][stm_teacher_contact_details teacher_email=\u00bbkarina.aguayo@ismsancarlos.cl\u00bb css=\u00bb.vc_custom_1618530939601{margin-top: 0px !important;padding-top: 0px !important;padding-right: 20px !important;padding-left: 20px !important;}\u00bb][\/vc_column_inner][vc_column_inner width=\u00bb1\/4&#8243;][stm_single_image img_responsive_enable=\u00bbtrue\u00bb img_id=\u00bb5325&#8243;][stm_text_box title_tag=\u00bbh6&#8243; text_color=\u00bbcustom\u00bb stm_bg_color=\u00bbcustom\u00bb stm_bg_color_custom=\u00bb#ffffff\u00bb css=\u00bb.vc_custom_1648727165955{margin-bottom: 0px !important;padding-top: 20px !important;padding-right: 20px !important;padding-bottom: 0px !important;padding-left: 20px !important;}\u00bb title=\u00bbNATALIE CORVAL\u00c1N\u00bb title_font_size=\u00bb16px\u00bb title_line_height=\u00bb18px\u00bb title_margin_b=\u00bb10px\u00bb text_color_custom=\u00bb#1e73be\u00bb text_font_size=\u00bb12px\u00bb text_line_height=\u00bb16px\u00bb text_margin_b=\u00bb0px\u00bb]Profesora de Biolog\u00eda[\/stm_text_box][stm_teacher_contact_details teacher_email=\u00bbnatalie.corvalan@ismsancarlos.cl\u00bb css=\u00bb.vc_custom_1648727178620{margin-top: 0px !important;padding-top: 0px !important;padding-right: 20px !important;padding-left: 20px !important;}\u00bb][\/vc_column_inner][vc_column_inner width=\u00bb1\/4&#8243;][stm_single_image img_id=\u00bb5327&#8243;][stm_text_box title_tag=\u00bbh6&#8243; text_color=\u00bbcustom\u00bb stm_bg_color=\u00bbcustom\u00bb stm_bg_color_custom=\u00bb#ffffff\u00bb css=\u00bb.vc_custom_1618531014671{margin-bottom: 0px !important;padding-top: 20px !important;padding-right: 20px !important;padding-bottom: 0px !important;padding-left: 20px !important;}\u00bb title=\u00bbV\u00edctor Hugo Merino\u00bb title_font_size=\u00bb16px\u00bb title_line_height=\u00bb18px\u00bb title_margin_b=\u00bb10px\u00bb text_color_custom=\u00bb#1e73be\u00bb text_font_size=\u00bb12px\u00bb text_line_height=\u00bb16px\u00bb text_margin_b=\u00bb0px\u00bb]Profesor de F\u00edsica[\/stm_text_box][stm_teacher_contact_details teacher_email=\u00bbvictorhugo.merino@ismsancarlos.cl\u00bb css=\u00bb.vc_custom_1618530795632{margin-top: 0px !important;padding-top: 0px !important;padding-right: 20px !important;padding-left: 20px !important;}\u00bb][\/vc_column_inner][\/vc_row_inner][vc_row_inner][vc_column_inner width=\u00bb1\/4&#8243;][stm_single_image img_responsive_enable=\u00bbtrue\u00bb img_id=\u00bb5335&#8243;][stm_text_box title_tag=\u00bbh6&#8243; text_color=\u00bbcustom\u00bb stm_bg_color=\u00bbcustom\u00bb stm_bg_color_custom=\u00bb#ffffff\u00bb css=\u00bb.vc_custom_1649334543544{margin-bottom: 0px !important;padding-top: 20px !important;padding-right: 20px !important;padding-bottom: 0px !important;padding-left: 20px !important;}\u00bb title=\u00bbMARLENE PRADENAS\u00bb title_font_size=\u00bb16px\u00bb title_line_height=\u00bb18px\u00bb title_margin_b=\u00bb10px\u00bb text_color_custom=\u00bb#1e73be\u00bb text_font_size=\u00bb12px\u00bb text_line_height=\u00bb16px\u00bb text_margin_b=\u00bb0px\u00bb]Profesora de Qu\u00edmica[\/stm_text_box][stm_teacher_contact_details teacher_email=\u00bbmarlene.pradenas@ismsancarlos.cl\u00bb css=\u00bb.vc_custom_1648426161160{margin-top: 0px !important;padding-top: 0px !important;padding-right: 20px !important;padding-left: 20px !important;}\u00bb][\/vc_column_inner][\/vc_row_inner][\/vc_tta_section][vc_tta_section title=\u00bbArtes\u00bb tab_id=\u00bb1614313147371-b9e591f2-1959&#8243;][vc_row_inner][vc_column_inner width=\u00bb1\/4&#8243;][stm_single_image img_id=\u00bb5341&#8243;][stm_text_box title_tag=\u00bbh6&#8243; text_color=\u00bbcustom\u00bb stm_bg_color=\u00bbcustom\u00bb stm_bg_color_custom=\u00bb#ffffff\u00bb css=\u00bb.vc_custom_1649075116710{margin-bottom: 0px !important;padding-top: 20px !important;padding-right: 20px !important;padding-bottom: 0px !important;padding-left: 20px !important;}\u00bb title=\u00bbVER\u00d3NICA CRISOSTOMO\u00bb title_font_size=\u00bb16px\u00bb title_line_height=\u00bb18px\u00bb title_margin_b=\u00bb10px\u00bb text_color_custom=\u00bb#1e73be\u00bb text_font_size=\u00bb12px\u00bb text_line_height=\u00bb16px\u00bb text_margin_b=\u00bb0px\u00bb]Profesora de Artes Visuales[\/stm_text_box][stm_teacher_contact_details teacher_email=\u00bbveronica.crisostomo@ismsancarlos.cl\u00bb css=\u00bb.vc_custom_1648426651189{margin-top: 0px !important;padding-top: 0px !important;padding-right: 20px !important;padding-left: 20px !important;}\u00bb][\/vc_column_inner][vc_column_inner width=\u00bb1\/4&#8243;][stm_single_image img_id=\u00bb4240&#8243;][stm_text_box title_tag=\u00bbh6&#8243; text_color=\u00bbcustom\u00bb stm_bg_color=\u00bbcustom\u00bb stm_bg_color_custom=\u00bb#ffffff\u00bb css=\u00bb.vc_custom_1648426758164{margin-bottom: 0px !important;padding-top: 20px !important;padding-right: 20px !important;padding-bottom: 0px !important;padding-left: 20px !important;}\u00bb title_font_size=\u00bb16px\u00bb title_line_height=\u00bb18px\u00bb title_margin_b=\u00bb10px\u00bb text_color_custom=\u00bb#1e73be\u00bb text_font_size=\u00bb12px\u00bb text_line_height=\u00bb16px\u00bb text_margin_b=\u00bb0px\u00bb title=\u00bbPATRICIO MARTINEZ\u00bb]Profesor de M\u00fasica[\/stm_text_box][stm_teacher_contact_details css=\u00bb.vc_custom_1648426773717{margin-top: 0px !important;padding-top: 0px !important;padding-right: 20px !important;padding-left: 20px !important;}\u00bb teacher_email=\u00bbpatricio.martinez@ismsancarlos.cl\u00bb][\/vc_column_inner][vc_column_inner width=\u00bb1\/4&#8243;][stm_single_image img_responsive_enable=\u00bbtrue\u00bb img_id=\u00bb4224&#8243;][stm_text_box title_tag=\u00bbh6&#8243; text_color=\u00bbcustom\u00bb stm_bg_color=\u00bbcustom\u00bb stm_bg_color_custom=\u00bb#ffffff\u00bb css=\u00bb.vc_custom_1618527679112{margin-bottom: 0px !important;padding-top: 20px !important;padding-right: 20px !important;padding-bottom: 0px !important;padding-left: 20px !important;}\u00bb title=\u00bbGiselle San Mart\u00edn\u00bb title_font_size=\u00bb16px\u00bb title_line_height=\u00bb18px\u00bb title_margin_b=\u00bb10px\u00bb text_color_custom=\u00bb#1e73be\u00bb text_font_size=\u00bb12px\u00bb text_line_height=\u00bb16px\u00bb text_margin_b=\u00bb0px\u00bb]Profesora de M\u00fasica[\/stm_text_box][stm_teacher_contact_details teacher_email=\u00bbgiselle.sanmartin@ismsancarlos.cl\u00bb css=\u00bb.vc_custom_1649199852492{margin-top: 0px !important;padding-top: 0px !important;padding-right: 20px !important;padding-left: 20px !important;}\u00bb][\/vc_column_inner][vc_column_inner width=\u00bb1\/4&#8243;][stm_single_image img_responsive_enable=\u00bbtrue\u00bb img_id=\u00bb5308&#8243;][stm_text_box title_tag=\u00bbh6&#8243; text_color=\u00bbcustom\u00bb stm_bg_color=\u00bbcustom\u00bb stm_bg_color_custom=\u00bb#ffffff\u00bb css=\u00bb.vc_custom_1619123153327{margin-bottom: 0px !important;padding-top: 20px !important;padding-right: 20px !important;padding-bottom: 0px !important;padding-left: 20px !important;}\u00bb title=\u00bbMarcela Seguel\u00bb title_font_size=\u00bb16px\u00bb title_line_height=\u00bb18px\u00bb title_margin_b=\u00bb10px\u00bb text_color_custom=\u00bb#1e73be\u00bb text_font_size=\u00bb12px\u00bb text_line_height=\u00bb16px\u00bb text_margin_b=\u00bb0px\u00bb]Profesora de M\u00fasica[\/stm_text_box][stm_teacher_contact_details teacher_email=\u00bbmarcela.seguel@ismsancarlos.cl\u00bb css=\u00bb.vc_custom_1619123174519{margin-top: 0px !important;padding-top: 0px !important;padding-right: 20px !important;padding-left: 20px !important;}\u00bb][\/vc_column_inner][\/vc_row_inner][vc_row_inner][vc_column_inner width=\u00bb1\/4&#8243;][stm_single_image img_responsive_enable=\u00bbtrue\u00bb img_id=\u00bb5315&#8243;][stm_text_box title_tag=\u00bbh6&#8243; text_color=\u00bbcustom\u00bb stm_bg_color=\u00bbcustom\u00bb stm_bg_color_custom=\u00bb#ffffff\u00bb css=\u00bb.vc_custom_1649075145279{margin-bottom: 0px !important;padding-top: 20px !important;padding-right: 20px !important;padding-bottom: 0px !important;padding-left: 20px !important;}\u00bb title=\u00bbNicol Tamar\u00edn\u00bb title_font_size=\u00bb16px\u00bb title_line_height=\u00bb18px\u00bb title_margin_b=\u00bb10px\u00bb text_color_custom=\u00bb#1e73be\u00bb text_font_size=\u00bb12px\u00bb text_line_height=\u00bb16px\u00bb text_margin_b=\u00bb0px\u00bb]Profesora de Educaci\u00f3n Tecnol\u00f3gica[\/stm_text_box][stm_teacher_contact_details teacher_email=\u00bbnicol.tamarin@ismsancarlos.cl\u00bb css=\u00bb.vc_custom_1619121489476{margin-top: 0px !important;padding-top: 0px !important;padding-right: 20px !important;padding-left: 20px !important;}\u00bb][\/vc_column_inner][\/vc_row_inner][\/vc_tta_section][vc_tta_section title=\u00bbLenguaje\u00bb tab_id=\u00bb1616422982921-a50f082c-3081&#8243;][vc_row_inner][vc_column_inner width=\u00bb1\/4&#8243;][stm_single_image img_responsive_enable=\u00bbtrue\u00bb img_id=\u00bb7691&#8243;][stm_text_box title_tag=\u00bbh6&#8243; text_color=\u00bbcustom\u00bb stm_bg_color=\u00bbcustom\u00bb stm_bg_color_custom=\u00bb#ffffff\u00bb css=\u00bb.vc_custom_1618531425436{margin-bottom: 0px !important;padding-top: 20px !important;padding-right: 20px !important;padding-bottom: 0px !important;padding-left: 20px !important;}\u00bb title=\u00bbAng\u00e9lica Mora\u00bb title_font_size=\u00bb16px\u00bb title_line_height=\u00bb18px\u00bb title_margin_b=\u00bb10px\u00bb text_color_custom=\u00bb#1e73be\u00bb text_font_size=\u00bb12px\u00bb text_line_height=\u00bb16px\u00bb text_margin_b=\u00bb0px\u00bb]Profesora de Lenguaje[\/stm_text_box][stm_teacher_contact_details teacher_email=\u00bbangelica.mora@ismsancarlos.cl\u00bb css=\u00bb.vc_custom_1618531434638{margin-top: 0px !important;padding-top: 0px !important;padding-right: 20px !important;padding-left: 20px !important;}\u00bb][\/vc_column_inner][vc_column_inner width=\u00bb1\/4&#8243;][stm_single_image img_responsive_enable=\u00bbtrue\u00bb img_id=\u00bb6056&#8243;][stm_text_box title_tag=\u00bbh6&#8243; text_color=\u00bbcustom\u00bb stm_bg_color=\u00bbcustom\u00bb stm_bg_color_custom=\u00bb#ffffff\u00bb css=\u00bb.vc_custom_1618531382115{margin-bottom: 0px !important;padding-top: 20px !important;padding-right: 20px !important;padding-bottom: 0px !important;padding-left: 20px !important;}\u00bb title=\u00bbCarlos Campos\u00bb title_font_size=\u00bb16px\u00bb title_line_height=\u00bb18px\u00bb title_margin_b=\u00bb10px\u00bb text_color_custom=\u00bb#1e73be\u00bb text_font_size=\u00bb12px\u00bb text_line_height=\u00bb16px\u00bb text_margin_b=\u00bb0px\u00bb]Profesor de Lenguaje[\/stm_text_box][stm_teacher_contact_details teacher_email=\u00bbcarlos.campos@ismsancarlos.cl\u00bb css=\u00bb.vc_custom_1618531391340{margin-top: 0px !important;padding-top: 0px !important;padding-right: 20px !important;padding-left: 20px !important;}\u00bb][\/vc_column_inner][vc_column_inner width=\u00bb1\/4&#8243;][stm_single_image img_responsive_enable=\u00bbtrue\u00bb img_id=\u00bb4225&#8243;][stm_text_box title_tag=\u00bbh6&#8243; text_color=\u00bbcustom\u00bb stm_bg_color=\u00bbcustom\u00bb stm_bg_color_custom=\u00bb#ffffff\u00bb css=\u00bb.vc_custom_1618531482624{margin-bottom: 0px !important;padding-top: 20px !important;padding-right: 20px !important;padding-bottom: 0px !important;padding-left: 20px !important;}\u00bb title=\u00bbExequiel Hermosilla\u00bb title_font_size=\u00bb16px\u00bb title_line_height=\u00bb18px\u00bb title_margin_b=\u00bb10px\u00bb text_color_custom=\u00bb#1e73be\u00bb text_font_size=\u00bb12px\u00bb text_line_height=\u00bb16px\u00bb text_margin_b=\u00bb0px\u00bb]Profesor de Lenguaje[\/stm_text_box][stm_teacher_contact_details teacher_email=\u00bbcaquelo@ismsancarlos.cl\u00bb css=\u00bb.vc_custom_1618531490813{margin-top: 0px !important;padding-top: 0px !important;padding-right: 20px !important;padding-left: 20px !important;}\u00bb][\/vc_column_inner][vc_column_inner width=\u00bb1\/4&#8243;][stm_single_image img_responsive_enable=\u00bbtrue\u00bb img_id=\u00bb4226&#8243;][stm_text_box title_tag=\u00bbh6&#8243; text_color=\u00bbcustom\u00bb stm_bg_color=\u00bbcustom\u00bb stm_bg_color_custom=\u00bb#ffffff\u00bb css=\u00bb.vc_custom_1618531564799{margin-bottom: 0px !important;padding-top: 20px !important;padding-right: 20px !important;padding-bottom: 0px !important;padding-left: 20px !important;}\u00bb title=\u00bbPaola Troncoso\u00bb title_font_size=\u00bb16px\u00bb title_line_height=\u00bb18px\u00bb title_margin_b=\u00bb10px\u00bb text_color_custom=\u00bb#1e73be\u00bb text_font_size=\u00bb12px\u00bb text_line_height=\u00bb16px\u00bb text_margin_b=\u00bb0px\u00bb]Profesora de Lenguaje[\/stm_text_box][stm_teacher_contact_details teacher_email=\u00bbpaola.troncoso@ismsancarlos.cl\u00bb css=\u00bb.vc_custom_1618531573450{margin-top: 0px !important;padding-top: 0px !important;padding-right: 20px !important;padding-left: 20px !important;}\u00bb][\/vc_column_inner][\/vc_row_inner][vc_row_inner][vc_column_inner width=\u00bb1\/4&#8243;][stm_single_image img_id=\u00bb5310&#8243;][stm_text_box title_tag=\u00bbh6&#8243; text_color=\u00bbcustom\u00bb stm_bg_color=\u00bbcustom\u00bb stm_bg_color_custom=\u00bb#ffffff\u00bb css=\u00bb.vc_custom_1618531331646{margin-bottom: 0px !important;padding-top: 20px !important;padding-right: 20px !important;padding-bottom: 0px !important;padding-left: 20px !important;}\u00bb title=\u00bbYesica Aguilera\u00bb title_font_size=\u00bb16px\u00bb title_line_height=\u00bb18px\u00bb title_margin_b=\u00bb10px\u00bb text_color_custom=\u00bb#1e73be\u00bb text_font_size=\u00bb12px\u00bb text_line_height=\u00bb16px\u00bb text_margin_b=\u00bb0px\u00bb]Profesora de Lenguaje[\/stm_text_box][stm_teacher_contact_details teacher_email=\u00bbyesica.aguilera@ismsancarlos.cl\u00bb css=\u00bb.vc_custom_1618531340206{margin-top: 0px !important;padding-top: 0px !important;padding-right: 20px !important;padding-left: 20px !important;}\u00bb][\/vc_column_inner][vc_column_inner width=\u00bb1\/4&#8243;][\/vc_column_inner][vc_column_inner width=\u00bb1\/4&#8243;][\/vc_column_inner][vc_column_inner width=\u00bb1\/4&#8243;][\/vc_column_inner][\/vc_row_inner][\/vc_tta_section][vc_tta_section title=\u00bbEducaci\u00f3n F\u00edsica\u00bb tab_id=\u00bb1616422997499-11ff2294-26bc\u00bb][vc_row_inner][vc_column_inner width=\u00bb1\/4&#8243;][stm_single_image img_responsive_enable=\u00bbtrue\u00bb img_id=\u00bb4214&#8243;][stm_text_box title_tag=\u00bbh6&#8243; text_color=\u00bbcustom\u00bb stm_bg_color=\u00bbcustom\u00bb stm_bg_color_custom=\u00bb#ffffff\u00bb css=\u00bb.vc_custom_1618532002589{margin-bottom: 0px !important;padding-top: 20px !important;padding-right: 20px !important;padding-bottom: 0px !important;padding-left: 20px !important;}\u00bb title=\u00bbAlonso Villablanca\u00bb title_font_size=\u00bb16px\u00bb title_line_height=\u00bb18px\u00bb title_margin_b=\u00bb10px\u00bb text_color_custom=\u00bb#1e73be\u00bb text_font_size=\u00bb12px\u00bb text_line_height=\u00bb16px\u00bb text_margin_b=\u00bb0px\u00bb]Profesor de Educaci\u00f3n F\u00edsica[\/stm_text_box][stm_teacher_contact_details teacher_email=\u00bbalonso.villablanca@ismsancarlos.cl\u00bb css=\u00bb.vc_custom_1618532011981{margin-top: 0px !important;padding-top: 0px !important;padding-right: 20px !important;padding-left: 20px !important;}\u00bb][\/vc_column_inner][vc_column_inner width=\u00bb1\/4&#8243;][stm_single_image img_responsive_enable=\u00bbtrue\u00bb img_id=\u00bb4212&#8243;][stm_text_box title_tag=\u00bbh6&#8243; text_color=\u00bbcustom\u00bb stm_bg_color=\u00bbcustom\u00bb stm_bg_color_custom=\u00bb#ffffff\u00bb css=\u00bb.vc_custom_1618531812466{margin-bottom: 0px !important;padding-top: 20px !important;padding-right: 20px !important;padding-bottom: 0px !important;padding-left: 20px !important;}\u00bb title=\u00bbJaviera Carrasco\u00bb title_font_size=\u00bb16px\u00bb title_line_height=\u00bb18px\u00bb title_margin_b=\u00bb10px\u00bb text_color_custom=\u00bb#1e73be\u00bb text_font_size=\u00bb12px\u00bb text_line_height=\u00bb16px\u00bb text_margin_b=\u00bb0px\u00bb]Profesora de Educaci\u00f3n F\u00edsica[\/stm_text_box][stm_teacher_contact_details teacher_email=\u00bbjaviera.carrasco@ismsancarlos.cl\u00bb css=\u00bb.vc_custom_1618531820790{margin-top: 0px !important;padding-top: 0px !important;padding-right: 20px !important;padding-left: 20px !important;}\u00bb][\/vc_column_inner][vc_column_inner width=\u00bb1\/4&#8243;][stm_single_image img_responsive_enable=\u00bbtrue\u00bb img_id=\u00bb5312&#8243;][stm_text_box title_tag=\u00bbh6&#8243; text_color=\u00bbcustom\u00bb stm_bg_color=\u00bbcustom\u00bb stm_bg_color_custom=\u00bb#ffffff\u00bb css=\u00bb.vc_custom_1618531949202{margin-bottom: 0px !important;padding-top: 20px !important;padding-right: 20px !important;padding-bottom: 0px !important;padding-left: 20px !important;}\u00bb title=\u00bbPriscila Cort\u00e9s\u00bb title_font_size=\u00bb16px\u00bb title_line_height=\u00bb18px\u00bb title_margin_b=\u00bb10px\u00bb text_color_custom=\u00bb#1e73be\u00bb text_font_size=\u00bb12px\u00bb text_line_height=\u00bb16px\u00bb text_margin_b=\u00bb0px\u00bb]Profesora de Educaci\u00f3n F\u00edsica[\/stm_text_box][stm_teacher_contact_details teacher_email=\u00bbpriscila.cortes@ismsancarlos.cl\u00bb css=\u00bb.vc_custom_1618531958252{margin-top: 0px !important;padding-top: 0px !important;padding-right: 20px !important;padding-left: 20px !important;}\u00bb][\/vc_column_inner][vc_column_inner width=\u00bb1\/4&#8243;][stm_single_image img_responsive_enable=\u00bbtrue\u00bb img_id=\u00bb4204&#8243;][stm_text_box title_tag=\u00bbh6&#8243; text_color=\u00bbcustom\u00bb stm_bg_color=\u00bbcustom\u00bb stm_bg_color_custom=\u00bb#ffffff\u00bb css=\u00bb.vc_custom_1618531867837{margin-bottom: 0px !important;padding-top: 20px !important;padding-right: 20px !important;padding-bottom: 0px !important;padding-left: 20px !important;}\u00bb title=\u00bbRicardo Sandoval\u00bb title_font_size=\u00bb16px\u00bb title_line_height=\u00bb18px\u00bb title_margin_b=\u00bb10px\u00bb text_color_custom=\u00bb#1e73be\u00bb text_font_size=\u00bb12px\u00bb text_line_height=\u00bb16px\u00bb text_margin_b=\u00bb0px\u00bb]Profesor de Educaci\u00f3n F\u00edsica[\/stm_text_box][stm_teacher_contact_details teacher_email=\u00bbricardo.sandoval@ismsancarlos.cl\u00bb css=\u00bb.vc_custom_1618531877206{margin-top: 0px !important;padding-top: 0px !important;padding-right: 20px !important;padding-left: 20px !important;}\u00bb][\/vc_column_inner][\/vc_row_inner][vc_row_inner][vc_column_inner width=\u00bb1\/4&#8243;][stm_single_image img_responsive_enable=\u00bbtrue\u00bb img_id=\u00bb5314&#8243;][stm_text_box title_tag=\u00bbh6&#8243; text_color=\u00bbcustom\u00bb stm_bg_color=\u00bbcustom\u00bb stm_bg_color_custom=\u00bb#ffffff\u00bb css=\u00bb.vc_custom_1648427029487{margin-bottom: 0px !important;padding-top: 20px !important;padding-right: 20px !important;padding-bottom: 0px !important;padding-left: 20px !important;}\u00bb title=\u00bbCARLOS GUTIERREZ\u00bb title_font_size=\u00bb16px\u00bb title_line_height=\u00bb18px\u00bb title_margin_b=\u00bb10px\u00bb text_color_custom=\u00bb#1e73be\u00bb text_font_size=\u00bb12px\u00bb text_line_height=\u00bb16px\u00bb text_margin_b=\u00bb0px\u00bb]Profesor de Educaci\u00f3n F\u00edsica[\/stm_text_box][stm_teacher_contact_details teacher_email=\u00bbcarlos.gutierrez@ismsancarlos.cl\u00bb css=\u00bb.vc_custom_1648427045026{margin-top: 0px !important;padding-top: 0px !important;padding-right: 20px !important;padding-left: 20px !important;}\u00bb][\/vc_column_inner][\/vc_row_inner][\/vc_tta_section][\/vc_tta_tabs][\/vc_column][\/vc_row]<\/p>\n","protected":false},"excerpt":{"rendered":"<p>[vc_row][vc_column][stm_title sep_color=\u00bbcustom\u00bb page_title_enable=\u00bbtrue\u00bb sep_enable=\u00bbtrue\u00bb sep_color_custom=\u00bb#fad900&#8243;][\/stm_title][\/vc_column][\/vc_row][vc_row][vc_column width=\u00bb7\/12&#8243;][vc_column_text]El Ciclo de Ense\u00f1anza Media est\u00e1 conformado por los cursos de S\u00e9ptimo a Cuarto de Ense\u00f1anza Media. La funci\u00f3n de la coordinadora se sustenta en el conocimiento, apropiaci\u00f3n y la difusi\u00f3n del PEI, a trav\u00e9s de la gesti\u00f3n para lograr un clima organizacional basado en la sana convivencia escolar, favorecer [&hellip;]<\/p>\n","protected":false},"author":1,"featured_media":0,"parent":0,"menu_order":0,"comment_status":"closed","ping_status":"closed","template":"","meta":{"_price":"","_stock":"","_tribe_ticket_header":"","_tribe_default_ticket_provider":"","_tribe_ticket_capacity":"0","_ticket_start_date":"","_ticket_end_date":"","_tribe_ticket_show_description":"","_tribe_ticket_show_not_going":false,"_tribe_ticket_use_global_stock":"","_tribe_ticket_global_stock_level":"","_global_stock_mode":"","_global_stock_cap":"","_tribe_rsvp_for_event":"","_tribe_ticket_going_count":"","_tribe_ticket_not_going_count":"","_tribe_tickets_list":"[]","_tribe_ticket_has_attendee_info_fields":false,"footnotes":"","_tec_slr_enabled":"","_tec_slr_layout":""},"class_list":["post-3115","page","type-page","status-publish","hentry"],"yoast_head":"<!-- This site is optimized with the Yoast SEO plugin v25.6 - https:\/\/yoast.com\/wordpress\/plugins\/seo\/ -->\n<title>Ciclo Medio | Instituto Santa Mar\u00eda - San Carlos<\/title>\n<meta name=\"robots\" content=\"index, follow, max-snippet:-1, max-image-preview:large, max-video-preview:-1\" \/>\n<link rel=\"canonical\" href=\"https:\/\/ismsancarlos.cl\/site2\/ciclo-medio\/\" \/>\n<meta property=\"og:locale\" content=\"es_ES\" \/>\n<meta property=\"og:type\" content=\"article\" \/>\n<meta property=\"og:title\" content=\"Ciclo Medio | Instituto Santa Mar\u00eda - San Carlos\" \/>\n<meta property=\"og:description\" content=\"[vc_row][vc_column][stm_title sep_color=\u00bbcustom\u00bb page_title_enable=\u00bbtrue\u00bb sep_enable=\u00bbtrue\u00bb sep_color_custom=\u00bb#fad900&#8243;][\/stm_title][\/vc_column][\/vc_row][vc_row][vc_column width=\u00bb7\/12&#8243;][vc_column_text]El Ciclo de Ense\u00f1anza Media est\u00e1 conformado por los cursos de S\u00e9ptimo a Cuarto de Ense\u00f1anza Media. La funci\u00f3n de la coordinadora se sustenta en el conocimiento, apropiaci\u00f3n y la difusi\u00f3n del PEI, a trav\u00e9s de la gesti\u00f3n para lograr un clima organizacional basado en la sana convivencia escolar, favorecer [&hellip;]\" \/>\n<meta property=\"og:url\" content=\"https:\/\/ismsancarlos.cl\/site2\/ciclo-medio\/\" \/>\n<meta property=\"og:site_name\" content=\"Instituto Santa Mar\u00eda - San Carlos\" \/>\n<meta property=\"article:publisher\" content=\"https:\/\/www.facebook.com\/insamach\" \/>\n<meta property=\"article:modified_time\" content=\"2023-01-06T13:25:28+00:00\" \/>\n<meta name=\"twitter:card\" content=\"summary_large_image\" \/>\n<meta name=\"twitter:label1\" content=\"Tiempo de lectura\" \/>\n\t<meta name=\"twitter:data1\" content=\"9 minutos\" \/>\n<script type=\"application\/ld+json\" class=\"yoast-schema-graph\">{\"@context\":\"https:\/\/schema.org\",\"@graph\":[{\"@type\":\"WebPage\",\"@id\":\"https:\/\/ismsancarlos.cl\/site2\/ciclo-medio\/\",\"url\":\"https:\/\/ismsancarlos.cl\/site2\/ciclo-medio\/\",\"name\":\"Ciclo Medio | Instituto Santa Mar\u00eda - San Carlos\",\"isPartOf\":{\"@id\":\"https:\/\/ismsancarlos.cl\/site2\/#website\"},\"datePublished\":\"2021-02-25T06:21:25+00:00\",\"dateModified\":\"2023-01-06T13:25:28+00:00\",\"breadcrumb\":{\"@id\":\"https:\/\/ismsancarlos.cl\/site2\/ciclo-medio\/#breadcrumb\"},\"inLanguage\":\"es\",\"potentialAction\":[{\"@type\":\"ReadAction\",\"target\":[\"https:\/\/ismsancarlos.cl\/site2\/ciclo-medio\/\"]}]},{\"@type\":\"BreadcrumbList\",\"@id\":\"https:\/\/ismsancarlos.cl\/site2\/ciclo-medio\/#breadcrumb\",\"itemListElement\":[{\"@type\":\"ListItem\",\"position\":1,\"name\":\"Portada\",\"item\":\"https:\/\/ismsancarlos.cl\/site2\/\"},{\"@type\":\"ListItem\",\"position\":2,\"name\":\"Ciclo Medio\"}]},{\"@type\":\"WebSite\",\"@id\":\"https:\/\/ismsancarlos.cl\/site2\/#website\",\"url\":\"https:\/\/ismsancarlos.cl\/site2\/\",\"name\":\"Instituto Santa Mar\u00eda - San Carlos\",\"description\":\"&quot;Aprender m\u00e1s para servir mejor&quot;\",\"publisher\":{\"@id\":\"https:\/\/ismsancarlos.cl\/site2\/#organization\"},\"potentialAction\":[{\"@type\":\"SearchAction\",\"target\":{\"@type\":\"EntryPoint\",\"urlTemplate\":\"https:\/\/ismsancarlos.cl\/site2\/?s={search_term_string}\"},\"query-input\":{\"@type\":\"PropertyValueSpecification\",\"valueRequired\":true,\"valueName\":\"search_term_string\"}}],\"inLanguage\":\"es\"},{\"@type\":\"Organization\",\"@id\":\"https:\/\/ismsancarlos.cl\/site2\/#organization\",\"name\":\"Instituto Santa Mar\u00eda Chill\u00e1n\",\"url\":\"https:\/\/ismsancarlos.cl\/site2\/\",\"logo\":{\"@type\":\"ImageObject\",\"inLanguage\":\"es\",\"@id\":\"https:\/\/ismsancarlos.cl\/site2\/#\/schema\/logo\/image\/\",\"url\":\"https:\/\/ismchillan.cl\/site\/wp-content\/uploads\/2021\/02\/logo-ISM-Chillan.png\",\"contentUrl\":\"https:\/\/ismchillan.cl\/site\/wp-content\/uploads\/2021\/02\/logo-ISM-Chillan.png\",\"width\":746,\"height\":228,\"caption\":\"Instituto Santa Mar\u00eda Chill\u00e1n\"},\"image\":{\"@id\":\"https:\/\/ismsancarlos.cl\/site2\/#\/schema\/logo\/image\/\"},\"sameAs\":[\"https:\/\/www.facebook.com\/insamach\",\"https:\/\/www.instagram.com\/ism_chillan\/?hl=es-la\",\"https:\/\/www.youtube.com\/channel\/UCU8IW1d8akOJJTePPCCMjjA\"]}]}<\/script>\n<!-- \/ Yoast SEO plugin. -->","yoast_head_json":{"title":"Ciclo Medio | Instituto Santa Mar\u00eda - San Carlos","robots":{"index":"index","follow":"follow","max-snippet":"max-snippet:-1","max-image-preview":"max-image-preview:large","max-video-preview":"max-video-preview:-1"},"canonical":"https:\/\/ismsancarlos.cl\/site2\/ciclo-medio\/","og_locale":"es_ES","og_type":"article","og_title":"Ciclo Medio | Instituto Santa Mar\u00eda - San Carlos","og_description":"[vc_row][vc_column][stm_title sep_color=\u00bbcustom\u00bb page_title_enable=\u00bbtrue\u00bb sep_enable=\u00bbtrue\u00bb sep_color_custom=\u00bb#fad900&#8243;][\/stm_title][\/vc_column][\/vc_row][vc_row][vc_column width=\u00bb7\/12&#8243;][vc_column_text]El Ciclo de Ense\u00f1anza Media est\u00e1 conformado por los cursos de S\u00e9ptimo a Cuarto de Ense\u00f1anza Media. La funci\u00f3n de la coordinadora se sustenta en el conocimiento, apropiaci\u00f3n y la difusi\u00f3n del PEI, a trav\u00e9s de la gesti\u00f3n para lograr un clima organizacional basado en la sana convivencia escolar, favorecer [&hellip;]","og_url":"https:\/\/ismsancarlos.cl\/site2\/ciclo-medio\/","og_site_name":"Instituto Santa Mar\u00eda - San Carlos","article_publisher":"https:\/\/www.facebook.com\/insamach","article_modified_time":"2023-01-06T13:25:28+00:00","twitter_card":"summary_large_image","twitter_misc":{"Tiempo de lectura":"9 minutos"},"schema":{"@context":"https:\/\/schema.org","@graph":[{"@type":"WebPage","@id":"https:\/\/ismsancarlos.cl\/site2\/ciclo-medio\/","url":"https:\/\/ismsancarlos.cl\/site2\/ciclo-medio\/","name":"Ciclo Medio | Instituto Santa Mar\u00eda - San Carlos","isPartOf":{"@id":"https:\/\/ismsancarlos.cl\/site2\/#website"},"datePublished":"2021-02-25T06:21:25+00:00","dateModified":"2023-01-06T13:25:28+00:00","breadcrumb":{"@id":"https:\/\/ismsancarlos.cl\/site2\/ciclo-medio\/#breadcrumb"},"inLanguage":"es","potentialAction":[{"@type":"ReadAction","target":["https:\/\/ismsancarlos.cl\/site2\/ciclo-medio\/"]}]},{"@type":"BreadcrumbList","@id":"https:\/\/ismsancarlos.cl\/site2\/ciclo-medio\/#breadcrumb","itemListElement":[{"@type":"ListItem","position":1,"name":"Portada","item":"https:\/\/ismsancarlos.cl\/site2\/"},{"@type":"ListItem","position":2,"name":"Ciclo Medio"}]},{"@type":"WebSite","@id":"https:\/\/ismsancarlos.cl\/site2\/#website","url":"https:\/\/ismsancarlos.cl\/site2\/","name":"Instituto Santa Mar\u00eda - San Carlos","description":"&quot;Aprender m\u00e1s para servir mejor&quot;","publisher":{"@id":"https:\/\/ismsancarlos.cl\/site2\/#organization"},"potentialAction":[{"@type":"SearchAction","target":{"@type":"EntryPoint","urlTemplate":"https:\/\/ismsancarlos.cl\/site2\/?s={search_term_string}"},"query-input":{"@type":"PropertyValueSpecification","valueRequired":true,"valueName":"search_term_string"}}],"inLanguage":"es"},{"@type":"Organization","@id":"https:\/\/ismsancarlos.cl\/site2\/#organization","name":"Instituto Santa Mar\u00eda Chill\u00e1n","url":"https:\/\/ismsancarlos.cl\/site2\/","logo":{"@type":"ImageObject","inLanguage":"es","@id":"https:\/\/ismsancarlos.cl\/site2\/#\/schema\/logo\/image\/","url":"https:\/\/ismchillan.cl\/site\/wp-content\/uploads\/2021\/02\/logo-ISM-Chillan.png","contentUrl":"https:\/\/ismchillan.cl\/site\/wp-content\/uploads\/2021\/02\/logo-ISM-Chillan.png","width":746,"height":228,"caption":"Instituto Santa Mar\u00eda Chill\u00e1n"},"image":{"@id":"https:\/\/ismsancarlos.cl\/site2\/#\/schema\/logo\/image\/"},"sameAs":["https:\/\/www.facebook.com\/insamach","https:\/\/www.instagram.com\/ism_chillan\/?hl=es-la","https:\/\/www.youtube.com\/channel\/UCU8IW1d8akOJJTePPCCMjjA"]}]}},"ticketed":false,"_links":{"self":[{"href":"https:\/\/ismsancarlos.cl\/site2\/wp-json\/wp\/v2\/pages\/3115","targetHints":{"allow":["GET"]}}],"collection":[{"href":"https:\/\/ismsancarlos.cl\/site2\/wp-json\/wp\/v2\/pages"}],"about":[{"href":"https:\/\/ismsancarlos.cl\/site2\/wp-json\/wp\/v2\/types\/page"}],"author":[{"embeddable":true,"href":"https:\/\/ismsancarlos.cl\/site2\/wp-json\/wp\/v2\/users\/1"}],"replies":[{"embeddable":true,"href":"https:\/\/ismsancarlos.cl\/site2\/wp-json\/wp\/v2\/comments?post=3115"}],"version-history":[{"count":170,"href":"https:\/\/ismsancarlos.cl\/site2\/wp-json\/wp\/v2\/pages\/3115\/revisions"}],"predecessor-version":[{"id":12321,"href":"https:\/\/ismsancarlos.cl\/site2\/wp-json\/wp\/v2\/pages\/3115\/revisions\/12321"}],"wp:attachment":[{"href":"https:\/\/ismsancarlos.cl\/site2\/wp-json\/wp\/v2\/media?parent=3115"}],"curies":[{"name":"wp","href":"https:\/\/api.w.org\/{rel}","templated":true}]}}