{"id":13910,"date":"2024-03-20T10:46:38","date_gmt":"2024-03-20T13:46:38","guid":{"rendered":"https:\/\/ismsancarlos.cl\/site2\/?page_id=13910"},"modified":"2026-03-12T10:30:38","modified_gmt":"2026-03-12T13:30:38","slug":"segundo-ciclo","status":"publish","type":"page","link":"https:\/\/ismsancarlos.cl\/site2\/segundo-ciclo\/","title":{"rendered":"Segundo Ciclo"},"content":{"rendered":"<p>[vc_row][vc_column][stm_title sep_color=\u00bbcustom\u00bb page_title_enable=\u00bbtrue\u00bb sep_enable=\u00bbtrue\u00bb sep_color_custom=\u00bb#fad900&#8243;][\/stm_title][\/vc_column][\/vc_row][vc_row][vc_column width=\u00bb7\/12&#8243;][vc_column_text]El segundo Ciclo de nuestro establecimiento, que comprende entre 7\u00b0 y IV medio,\u00a0 est\u00e1 compuesto por\u00a0 435 estudiantes, quienes fluct\u00faan entre los 12 y los 18 a\u00f1os de edad, los que son atendidos por diferentes profesionales tales como: profesores jefes y de asignatura, educadoras diferenciales, Orientadora, Psic\u00f3logos, fonoaudi\u00f3logas, terapeuta ocupacional, asistentes de aula, Encargado de Convivencia Escolar, Inspectoras y auxiliares de servicios. Todos ellos se desempe\u00f1an con adherencia al \u00a0Proyecto Educativo Institucional (PEI) y al cumplimiento de la reglamentaci\u00f3n y la pol\u00edtica de funcionamiento institucional.<\/p>\n<p>La misi\u00f3n de la Coordinaci\u00f3n de Ciclo es apoyar los\u00a0 procesos acad\u00e9micos y pastorales; contribuir a\u00a0 la supervisi\u00f3n de\u00a0 la implementaci\u00f3n del curr\u00edculum; atender situaciones relacionadas con la convivencia arm\u00f3nica de estudiantes, docentes y colaboradores; aplicar el Reglamento Interno; supervisar las actividades program\u00e1ticas de cada curso; realizar observaciones de clima y acompa\u00f1amiento de aula y colaborar en el trabajo de los profesionales de apoyo, para asegurar el aprendizaje de todos los estudiante del ciclo.[\/vc_column_text][\/vc_column][vc_column width=\u00bb5\/12&#8243;][stm_single_image img_responsive_enable=\u00bbtrue\u00bb img_id=\u00bb16396&#8243; img_size=\u00bbfull\u00bb css=\u00bb.vc_custom_1773320869858{margin-bottom: 10px !important;}\u00bb][stm_text_box title_tag=\u00bbh6&#8243; text_color=\u00bbcustom\u00bb stm_bg_color=\u00bbcustom\u00bb css=\u00bb.vc_custom_1773320895633{margin-bottom: 0px !important;padding-top: 20px !important;padding-right: 20px !important;padding-bottom: 0px !important;padding-left: 20px !important;}\u00bb title=\u00bbJ. Esteban Padilla Padilla\u00bb title_font_size=\u00bb16px\u00bb title_line_height=\u00bb18px\u00bb title_margin_b=\u00bb10px\u00bb text_color_custom=\u00bb#1e73be\u00bb text_font_size=\u00bb12px\u00bb text_line_height=\u00bb16px\u00bb text_margin_b=\u00bb0px\u00bb]Coordinador Segundo Ciclo[\/stm_text_box][stm_teacher_contact_details teacher_email=\u00bbjose.padilla.pa@ismsancarlos.cl\u00bb css=\u00bb.vc_custom_1773320916118{margin-top: 0px !important;padding-top: 0px !important;padding-right: 20px !important;padding-left: 20px !important;}\u00bb][\/vc_column][\/vc_row][vc_row full_width=\u00bbstretch_row\u00bb css=\u00bb.vc_custom_1616440306170{background-color: #ffffff !important;}\u00bb][vc_column][vc_tta_tabs stm_tabs_style=\u00bbstyle-3&#8243; style=\u00bbflat\u00bb shape=\u00bbsquare\u00bb color=\u00bbblue\u00bb alignment=\u00bbcenter\u00bb active_section=\u00bb1&#8243; no_fill_content_area=\u00bbtrue\u00bb title=\u00bbProfesores del Ciclo\u00bb][vc_tta_section title=\u00bbProfesores del Ciclo\u00bb tab_id=\u00bb1614310271630-4224838c-b589&#8243;][vc_row_inner][vc_column_inner width=\u00bb1\/4&#8243;][stm_single_image img_alignment=\u00bbcenter\u00bb img_responsive_enable=\u00bbtrue\u00bb img_id=\u00bb15461&#8243; img_size=\u00bb520&#215;320&#8243;][stm_text_box title_tag=\u00bbh6&#8243; text_color=\u00bbcustom\u00bb stm_bg_color=\u00bbcustom\u00bb stm_bg_color_custom=\u00bb#ffffff\u00bb css=\u00bb.vc_custom_1773320974303{margin-bottom: 0px !important;padding-top: 20px !important;padding-right: 20px !important;padding-bottom: 0px !important;padding-left: 20px !important;}\u00bb title=\u00bbNELSON SILVA ZAPATA\u00bb title_font_size=\u00bb16px\u00bb title_line_height=\u00bb18px\u00bb title_margin_b=\u00bb10px\u00bb text_color_custom=\u00bb#1e73be\u00bb text_font_size=\u00bb12px\u00bb text_line_height=\u00bb16px\u00bb text_margin_b=\u00bb0px\u00bb]Profesor Jefe 7\u00ba A[\/stm_text_box][stm_teacher_contact_details teacher_email=\u00bbnelson.silva.za@ismsancarlos.cl\u00bb css=\u00bb.vc_custom_1773320990052{margin-top: 0px !important;padding-top: 0px !important;padding-right: 20px !important;padding-left: 20px !important;}\u00bb][\/vc_column_inner][vc_column_inner width=\u00bb1\/4&#8243;][stm_single_image img_responsive_enable=\u00bbtrue\u00bb img_id=\u00bb15314&#8243; img_size=\u00bb520&#215;320&#8243;][stm_text_box title_tag=\u00bbh6&#8243; text_color=\u00bbcustom\u00bb stm_bg_color=\u00bbcustom\u00bb stm_bg_color_custom=\u00bb#ffffff\u00bb css=\u00bb.vc_custom_1773321007366{margin-bottom: 0px !important;padding-top: 20px !important;padding-right: 20px !important;padding-bottom: 0px !important;padding-left: 20px !important;}\u00bb title=\u00bbROMINA DE LA FUENTE YEVENES\u00bb title_font_size=\u00bb16px\u00bb title_line_height=\u00bb18px\u00bb title_margin_b=\u00bb10px\u00bb text_color_custom=\u00bb#1e73be\u00bb text_font_size=\u00bb12px\u00bb text_line_height=\u00bb16px\u00bb text_margin_b=\u00bb0px\u00bb]Profesora Jefe 7\u00ba B[\/stm_text_box][stm_teacher_contact_details teacher_email=\u00bbromina.delafuente.ye@ismsancarlos.cl\u00bb css=\u00bb.vc_custom_1710942007596{margin-top: 0px !important;padding-top: 0px !important;padding-right: 20px !important;padding-left: 20px !important;}\u00bb][\/vc_column_inner][vc_column_inner width=\u00bb1\/4&#8243;][stm_single_image img_alignment=\u00bbcenter\u00bb img_id=\u00bb15511&#8243; img_size=\u00bb520&#215;320&#8243;][stm_text_box title_tag=\u00bbh6&#8243; text_color=\u00bbcustom\u00bb stm_bg_color=\u00bbcustom\u00bb stm_bg_color_custom=\u00bb#ffffff\u00bb css=\u00bb.vc_custom_1773321060408{margin-bottom: 0px !important;padding-top: 20px !important;padding-right: 20px !important;padding-bottom: 0px !important;padding-left: 20px !important;}\u00bb title=\u00bbALEJANDRO LANDAETA URRUTIA\u00bb title_font_size=\u00bb16px\u00bb title_line_height=\u00bb18px\u00bb title_margin_b=\u00bb10px\u00bb text_color_custom=\u00bb#1e73be\u00bb text_font_size=\u00bb12px\u00bb text_line_height=\u00bb16px\u00bb text_margin_b=\u00bb0px\u00bb]Profesor Jefe 8\u00b0A[\/stm_text_box][stm_teacher_contact_details teacher_email=\u00bbalejandro.landaeta.ur@ismsancarlos.cl\u00bb css=\u00bb.vc_custom_1773321130230{margin-top: 0px !important;padding-top: 0px !important;padding-right: 20px !important;padding-left: 20px !important;}\u00bb][\/vc_column_inner][vc_column_inner width=\u00bb1\/4&#8243;][stm_single_image img_responsive_enable=\u00bbtrue\u00bb img_id=\u00bb15313&#8243; img_size=\u00bb520&#215;320&#8243;][stm_text_box title_tag=\u00bbh6&#8243; text_color=\u00bbcustom\u00bb stm_bg_color=\u00bbcustom\u00bb stm_bg_color_custom=\u00bb#ffffff\u00bb css=\u00bb.vc_custom_1773321036287{margin-bottom: 0px !important;padding-top: 20px !important;padding-right: 20px !important;padding-bottom: 0px !important;padding-left: 20px !important;}\u00bb title=\u00bbPABLO SEP\u00daLVEDA MONTECINO\u00bb title_font_size=\u00bb16px\u00bb title_line_height=\u00bb18px\u00bb title_margin_b=\u00bb10px\u00bb text_color_custom=\u00bb#1e73be\u00bb text_font_size=\u00bb12px\u00bb text_line_height=\u00bb16px\u00bb text_margin_b=\u00bb0px\u00bb]Profesor Jefe 8\u00ba B[\/stm_text_box][stm_teacher_contact_details teacher_email=\u00bbpablo.sepulveda.mo@ismsancarlos.cl\u00bb css=\u00bb.vc_custom_1721942201441{margin-top: 0px !important;padding-top: 0px !important;padding-right: 20px !important;padding-left: 20px !important;}\u00bb][\/vc_column_inner][\/vc_row_inner][vc_row_inner][vc_column_inner width=\u00bb1\/4&#8243;][stm_single_image img_alignment=\u00bbcenter\u00bb img_id=\u00bb15510&#8243; img_size=\u00bb520&#215;320&#8243;][stm_text_box title_tag=\u00bbh6&#8243; text_color=\u00bbcustom\u00bb stm_bg_color=\u00bbcustom\u00bb stm_bg_color_custom=\u00bb#ffffff\u00bb css=\u00bb.vc_custom_1773321224220{margin-bottom: 0px !important;padding-top: 20px !important;padding-right: 20px !important;padding-bottom: 0px !important;padding-left: 20px !important;}\u00bb title=\u00bbHECTOR TORRES CRISOSTO\u00bb title_font_size=\u00bb16px\u00bb title_line_height=\u00bb18px\u00bb title_margin_b=\u00bb10px\u00bb text_color_custom=\u00bb#1e73be\u00bb text_font_size=\u00bb12px\u00bb text_line_height=\u00bb16px\u00bb text_margin_b=\u00bb0px\u00bb]Profesor Jefe I\u00ba Medio A[\/stm_text_box][stm_teacher_contact_details teacher_email=\u00bbhector.torres@ismsancarlos.cl\u00bb css=\u00bb.vc_custom_1773321235790{margin-top: 0px !important;padding-top: 0px !important;padding-right: 20px !important;padding-left: 20px !important;}\u00bb][\/vc_column_inner][vc_column_inner width=\u00bb1\/4&#8243;][stm_single_image img_id=\u00bb15307&#8243; img_size=\u00bb520&#215;320&#8243;][stm_text_box title_tag=\u00bbh6&#8243; text_color=\u00bbcustom\u00bb stm_bg_color=\u00bbcustom\u00bb stm_bg_color_custom=\u00bb#ffffff\u00bb css=\u00bb.vc_custom_1773321290247{margin-bottom: 0px !important;padding-top: 20px !important;padding-right: 20px !important;padding-bottom: 0px !important;padding-left: 20px !important;}\u00bb title=\u00bbESTEBAN ARIAS BARROS\u00bb title_font_size=\u00bb16px\u00bb title_line_height=\u00bb18px\u00bb title_margin_b=\u00bb10px\u00bb text_color_custom=\u00bb#1e73be\u00bb text_font_size=\u00bb12px\u00bb text_line_height=\u00bb16px\u00bb text_margin_b=\u00bb0px\u00bb]Profesor Jefe I\u00ba Medio B[\/stm_text_box][stm_teacher_contact_details teacher_email=\u00bbesteban.arias.ba@ismsancarlos.cl\u00bb css=\u00bb.vc_custom_1716916565658{margin-top: 0px !important;padding-top: 0px !important;padding-right: 20px !important;padding-left: 20px !important;}\u00bb][\/vc_column_inner][vc_column_inner width=\u00bb1\/4&#8243;][stm_single_image img_id=\u00bb15293&#8243; img_size=\u00bb520&#215;320&#8243;][stm_text_box title_tag=\u00bbh6&#8243; text_color=\u00bbcustom\u00bb stm_bg_color=\u00bbcustom\u00bb stm_bg_color_custom=\u00bb#ffffff\u00bb css=\u00bb.vc_custom_1773321316520{margin-bottom: 0px !important;padding-top: 20px !important;padding-right: 20px !important;padding-bottom: 0px !important;padding-left: 20px !important;}\u00bb title=\u00bbCESAR CARRASCO OSSES\u00bb title_font_size=\u00bb16px\u00bb title_line_height=\u00bb18px\u00bb title_margin_b=\u00bb10px\u00bb text_color_custom=\u00bb#1e73be\u00bb text_font_size=\u00bb12px\u00bb text_line_height=\u00bb16px\u00bb text_margin_b=\u00bb0px\u00bb]Profesor Jefe II\u00ba Medio A[\/stm_text_box][stm_teacher_contact_details teacher_email=\u00bbcesar.carrasco.os@ismsancarlos.cl\u00bb css=\u00bb.vc_custom_1710942362320{margin-top: 0px !important;padding-top: 0px !important;padding-right: 20px !important;padding-left: 20px !important;}\u00bb][\/vc_column_inner][vc_column_inner width=\u00bb1\/4&#8243;][stm_single_image img_id=\u00bb14289&#8243; img_size=\u00bb520&#215;320&#8243;][stm_text_box title_tag=\u00bbh6&#8243; text_color=\u00bbcustom\u00bb stm_bg_color=\u00bbcustom\u00bb stm_bg_color_custom=\u00bb#ffffff\u00bb css=\u00bb.vc_custom_1773321325209{margin-bottom: 0px !important;padding-top: 20px !important;padding-right: 20px !important;padding-bottom: 0px !important;padding-left: 20px !important;}\u00bb title=\u00bbCLAUDIA TAPIA ROJAS\u00bb title_font_size=\u00bb16px\u00bb title_line_height=\u00bb18px\u00bb title_margin_b=\u00bb10px\u00bb text_color_custom=\u00bb#1e73be\u00bb text_font_size=\u00bb12px\u00bb text_line_height=\u00bb16px\u00bb text_margin_b=\u00bb0px\u00bb]Profesora Jefe II\u00ba Medio B[\/stm_text_box][stm_teacher_contact_details teacher_email=\u00bbclaudia.rojas.ta@ismsancarlos.cl\u00bb css=\u00bb.vc_custom_1710942142071{margin-top: 0px !important;padding-top: 0px !important;padding-right: 20px !important;padding-left: 20px !important;}\u00bb][\/vc_column_inner][\/vc_row_inner][vc_row_inner][vc_column_inner width=\u00bb1\/4&#8243;][stm_single_image img_id=\u00bb16441&#8243; img_size=\u00bb520&#215;320&#8243;][stm_text_box title_tag=\u00bbh6&#8243; text_color=\u00bbcustom\u00bb stm_bg_color=\u00bbcustom\u00bb stm_bg_color_custom=\u00bb#ffffff\u00bb css=\u00bb.vc_custom_1773322180698{margin-bottom: 0px !important;padding-top: 20px !important;padding-right: 20px !important;padding-bottom: 0px !important;padding-left: 20px !important;}\u00bb title=\u00bbFRANCISCA MEDINA BURGOS\u00bb title_font_size=\u00bb16px\u00bb title_line_height=\u00bb18px\u00bb title_margin_b=\u00bb10px\u00bb text_color_custom=\u00bb#1e73be\u00bb text_font_size=\u00bb12px\u00bb text_line_height=\u00bb16px\u00bb text_margin_b=\u00bb0px\u00bb]Profesora Jefe III\u00ba Medio A[\/stm_text_box][stm_teacher_contact_details teacher_email=\u00bbfrancisca.medina.bu@ismsancarlos.cl\u00bb css=\u00bb.vc_custom_1773322203762{margin-top: 0px !important;padding-top: 0px !important;padding-right: 20px !important;padding-left: 20px !important;}\u00bb][\/vc_column_inner][vc_column_inner width=\u00bb1\/4&#8243;][stm_single_image img_id=\u00bb15516&#8243; img_size=\u00bb520&#215;320&#8243;][stm_text_box title_tag=\u00bbh6&#8243; text_color=\u00bbcustom\u00bb stm_bg_color=\u00bbcustom\u00bb stm_bg_color_custom=\u00bb#ffffff\u00bb css=\u00bb.vc_custom_1773321550928{margin-bottom: 0px !important;padding-top: 20px !important;padding-right: 20px !important;padding-bottom: 0px !important;padding-left: 20px !important;}\u00bb title=\u00bbFRANCISCO PARADA RUBILAR\u00bb title_font_size=\u00bb16px\u00bb title_line_height=\u00bb18px\u00bb title_margin_b=\u00bb10px\u00bb text_color_custom=\u00bb#1e73be\u00bb text_font_size=\u00bb12px\u00bb text_line_height=\u00bb16px\u00bb text_margin_b=\u00bb0px\u00bb]Profesor Jefe III\u00ba Medio B[\/stm_text_box][stm_teacher_contact_details teacher_email=\u00bbfrancisco.parada.ru@ismsancarlos.cl\u00bb css=\u00bb.vc_custom_1773321598562{margin-top: 0px !important;padding-top: 0px !important;padding-right: 20px !important;padding-left: 20px !important;}\u00bb][\/vc_column_inner][vc_column_inner width=\u00bb1\/4&#8243;][stm_single_image img_id=\u00bb15310&#8243; img_size=\u00bb520&#215;320&#8243;][stm_text_box title_tag=\u00bbh6&#8243; text_color=\u00bbcustom\u00bb stm_bg_color=\u00bbcustom\u00bb stm_bg_color_custom=\u00bb#ffffff\u00bb css=\u00bb.vc_custom_1773321449080{margin-bottom: 0px !important;padding-top: 20px !important;padding-right: 20px !important;padding-bottom: 0px !important;padding-left: 20px !important;}\u00bb title=\u00bbJENNIFER TORRES SEP\u00daLVEDA\u00bb title_font_size=\u00bb16px\u00bb title_line_height=\u00bb18px\u00bb title_margin_b=\u00bb10px\u00bb text_color_custom=\u00bb#1e73be\u00bb text_font_size=\u00bb12px\u00bb text_line_height=\u00bb16px\u00bb text_margin_b=\u00bb0px\u00bb]Profesora Jefe IV\u00ba Medio A[\/stm_text_box][stm_teacher_contact_details teacher_email=\u00bbjennifer.torres.se@ismsancarlos.cl\u00bb css=\u00bb.vc_custom_1746547826257{margin-top: 0px !important;padding-top: 0px !important;padding-right: 20px !important;padding-left: 20px !important;}\u00bb][\/vc_column_inner][vc_column_inner width=\u00bb1\/4&#8243;][stm_single_image img_responsive_enable=\u00bbtrue\u00bb img_id=\u00bb15312&#8243; img_size=\u00bb520&#215;320&#8243;][stm_text_box title_tag=\u00bbh6&#8243; text_color=\u00bbcustom\u00bb stm_bg_color=\u00bbcustom\u00bb stm_bg_color_custom=\u00bb#ffffff\u00bb css=\u00bb.vc_custom_1773321426479{margin-bottom: 0px !important;padding-top: 20px !important;padding-right: 20px !important;padding-bottom: 0px !important;padding-left: 20px !important;}\u00bb title=\u00bbMAT\u00cdAS SALD\u00cdA CATALDO\u00bb title_font_size=\u00bb16px\u00bb title_line_height=\u00bb18px\u00bb title_margin_b=\u00bb10px\u00bb text_color_custom=\u00bb#1e73be\u00bb text_font_size=\u00bb12px\u00bb text_line_height=\u00bb16px\u00bb text_margin_b=\u00bb0px\u00bb]Profesor Jefe IV\u00ba Medio B[\/stm_text_box][stm_teacher_contact_details teacher_email=\u00bbmatias.saldia.ca@ismsancarlos.cl\u00bb css=\u00bb.vc_custom_1741716950347{margin-top: 0px !important;padding-top: 0px !important;padding-right: 20px !important;padding-left: 20px !important;}\u00bb][\/vc_column_inner][\/vc_row_inner][\/vc_tta_section][vc_tta_section title=\u00bbInspectores\u00bb tab_id=\u00bb1614311324147-7962e43a-b26b\u00bb][vc_row_inner][vc_column_inner width=\u00bb1\/4&#8243;][stm_single_image img_responsive_enable=\u00bbtrue\u00bb img_id=\u00bb15295&#8243;][stm_text_box title_tag=\u00bbh6&#8243; text_color=\u00bbcustom\u00bb stm_bg_color=\u00bbcustom\u00bb stm_bg_color_custom=\u00bb#ffffff\u00bb css=\u00bb.vc_custom_1710942483229{margin-bottom: 0px !important;padding-top: 20px !important;padding-right: 20px !important;padding-bottom: 0px !important;padding-left: 20px !important;}\u00bb title=\u00bbCLAUDIO AEDO MARDONES\u00bb title_font_size=\u00bb16px\u00bb title_line_height=\u00bb18px\u00bb title_margin_b=\u00bb10px\u00bb text_color_custom=\u00bb#1e73be\u00bb text_font_size=\u00bb12px\u00bb text_line_height=\u00bb16px\u00bb text_margin_b=\u00bb0px\u00bb]INSPECTOR ENSE\u00d1ANZA MEDIA[\/stm_text_box][stm_teacher_contact_details teacher_email=\u00bbclaudio.aedo.ma@ismsancarlos.cl\u00bb css=\u00bb.vc_custom_1712172936893{margin-top: 0px !important;padding-top: 0px !important;padding-right: 20px !important;padding-left: 20px !important;}\u00bb][\/vc_column_inner][vc_column_inner width=\u00bb1\/4&#8243;][stm_single_image img_responsive_enable=\u00bbtrue\u00bb img_id=\u00bb15317&#8243;][stm_text_box title_tag=\u00bbh6&#8243; text_color=\u00bbcustom\u00bb stm_bg_color=\u00bbcustom\u00bb stm_bg_color_custom=\u00bb#ffffff\u00bb css=\u00bb.vc_custom_1710942516188{margin-bottom: 0px !important;padding-top: 20px !important;padding-right: 20px !important;padding-bottom: 0px !important;padding-left: 20px !important;}\u00bb title=\u00bbRICARDO AGUAYO SEPULVEDA\u00bb title_font_size=\u00bb16px\u00bb title_line_height=\u00bb18px\u00bb title_margin_b=\u00bb10px\u00bb text_color_custom=\u00bb#1e73be\u00bb text_font_size=\u00bb12px\u00bb text_line_height=\u00bb16px\u00bb text_margin_b=\u00bb0px\u00bb]INSPECTOR ENSE\u00d1ANZA MEDIA[\/stm_text_box][stm_teacher_contact_details teacher_email=\u00bbricardo.aguayo.se@ismsancarlos.cl\u00bb css=\u00bb.vc_custom_1710942526910{margin-top: 0px !important;padding-top: 0px !important;padding-right: 20px !important;padding-left: 20px !important;}\u00bb][\/vc_column_inner][vc_column_inner width=\u00bb1\/4&#8243;][\/vc_column_inner][\/vc_row_inner][\/vc_tta_section][\/vc_tta_tabs][\/vc_column][\/vc_row][vc_row][vc_column][stm_title title=\u00bbHorario atenci\u00f3n de apoderados profesores II\u00b0 Ciclo 2025&#8243;][\/stm_title][vc_tta_accordion][vc_tta_section title=\u00bbIMPORTANTE\u00bb tab_id=\u00bb1711991932547-a9e130c1-2672&#8243;][vc_column_text]Recuerde que para acceder a uno de estos horarios debe solicitar previamente entrevista con el profesor correspondiente mediante libreta de comunicaciones, correo electr\u00f3nico o solicitar entrevista en recepci\u00f3n del colegio.[\/vc_column_text][\/vc_tta_section][vc_tta_section title=\u00bbHORARIO ATENCI\u00d3N APODERADOS II CICLO\u00bb tab_id=\u00bb1743523212155-79a21b1c-80cb\u00bb][vc_column_text]<\/p>\n<table style=\"width: 88.5212%;\" width=\"956\">\n<tbody>\n<tr>\n<td style=\"width: 98.8565%;\" colspan=\"5\" width=\"956\"><\/td>\n<\/tr>\n<tr>\n<td style=\"width: 20.0624%;\" width=\"218\"><strong>DOCENTE<\/strong><\/td>\n<td style=\"width: 15.5925%;\" width=\"152\"><strong>AS<\/strong><strong>IGNATURA<\/strong><\/td>\n<td style=\"width: 13.4096%;\" width=\"141\"><strong>C<\/strong><strong>URSOS<\/strong><\/td>\n<td style=\"width: 19.3347%;\" width=\"208\"><strong>HORARIO ATENCI\u00d3N<\/strong><\/p>\n<p><strong>\u00a0<\/strong><\/td>\n<td style=\"width: 30.4574%;\" width=\"238\"><strong>CORREO<\/strong><\/td>\n<\/tr>\n<tr>\n<td style=\"width: 20.0624%;\" width=\"218\">&nbsp;<\/p>\n<p>Alejandro Landaeta Urrutia<\/p>\n<p>&nbsp;<\/td>\n<td style=\"width: 15.5925%;\" width=\"152\">Jefatura 7\u00baA<\/p>\n<p>Artes Visuales<\/p>\n<p>&nbsp;<\/p>\n<p>Artes Visuales<\/td>\n<td style=\"width: 13.4096%;\" width=\"141\">5\u00ba b\u00e1sico a II medio<\/td>\n<td style=\"width: 19.3347%;\" width=\"208\">&nbsp;<\/p>\n<p>Mi\u00e9rcoles de 09:50-10:50\u00a0 hrs.<\/td>\n<td style=\"width: 30.4574%;\" width=\"238\"><a href=\"mailto:alejandro.landaeta.ur@ismsancarlos.cl\">alejandro.landaeta.ur@ismsancarlos.cl<\/a><\/p>\n<p>&nbsp;<\/td>\n<\/tr>\n<tr>\n<td style=\"width: 20.0624%;\" width=\"218\">&nbsp;<\/p>\n<p>Pablo Sep\u00falveda Montecino<\/td>\n<td style=\"width: 15.5925%;\" width=\"152\">Jefatura 7\u00baB<\/p>\n<p>Ingl\u00e9s<\/td>\n<td style=\"width: 13.4096%;\" width=\"141\">K\u00ednder A-B,<\/p>\n<p>6\u00ba a 8\u00ba b\u00e1sico<\/td>\n<td style=\"width: 19.3347%;\" width=\"208\">&nbsp;<\/p>\n<p>Jueves de 08:30-09:30 hrs.<\/td>\n<td style=\"width: 30.4574%;\" width=\"238\"><a href=\"mailto:pablo.sepulveda.mo@ismsancarlos.cl\">pablo.sepulveda.mo@ismsancarlos.cl<\/a><\/td>\n<\/tr>\n<tr>\n<td style=\"width: 20.0624%;\" width=\"218\">&nbsp;<\/p>\n<p>Johan Rodr\u00edguez Sanhueza<\/p>\n<p>&nbsp;<\/td>\n<td style=\"width: 15.5925%;\" width=\"152\">Jefatura 8\u00baA<\/p>\n<p>Lenguaje<\/td>\n<td style=\"width: 13.4096%;\" width=\"141\">7\u00baA-B, 8\u00ba A-B<\/p>\n<p>y I medio A<\/td>\n<td style=\"width: 19.3347%;\" width=\"208\">&nbsp;<\/p>\n<p>Martes de 16:10- 17:10 hrs.<\/td>\n<td style=\"width: 30.4574%;\" width=\"238\"><a href=\"mailto:johan.rodriguez.sa@ismsancarlos.cl\">johan.rodriguez.sa@ismsancarlos.cl<\/a><\/p>\n<p>&nbsp;<\/td>\n<\/tr>\n<tr>\n<td style=\"width: 20.0624%;\" width=\"218\">&nbsp;<\/p>\n<p>Romina De La Fuente Yevenes<\/td>\n<td style=\"width: 15.5925%;\" width=\"152\">Jefatura 8\u00baB<\/p>\n<p>Historia\/Filosof\u00eda<\/td>\n<td style=\"width: 13.4096%;\" width=\"141\">8\u00baA-B, IA,<\/p>\n<p>IIIA-B y IVA-B<\/td>\n<td style=\"width: 19.3347%;\" width=\"208\">&nbsp;<\/p>\n<p>Viernes de 11:30-12:30 hrs.<\/td>\n<td style=\"width: 30.4574%;\" width=\"238\"><a href=\"mailto:romina.delafuente.ye@ismsancarlos.cl\">romina.delafuente.ye@ismsancarlos.cl<\/a><\/td>\n<\/tr>\n<tr>\n<td style=\"width: 20.0624%;\" width=\"218\">Cesar Carrasco Osses<\/td>\n<td style=\"width: 15.5925%;\" width=\"152\">Jefatura I medio A<\/p>\n<p>F\u00edsica<\/td>\n<td style=\"width: 13.4096%;\" width=\"141\">7\u00baA-B, 8\u00baA-B,IA-B<\/p>\n<p>IIIA-B y IVA-B<\/td>\n<td style=\"width: 19.3347%;\" width=\"208\">&nbsp;<\/p>\n<p>Viernes 09:15-10:15 hrs.<\/td>\n<td style=\"width: 30.4574%;\" width=\"238\"><a href=\"mailto:cesar.carrasco.os@ismsancarlos.cl\">cesar.carrasco.os@ismsancarlos.cl<\/a><\/p>\n<p>&nbsp;<\/td>\n<\/tr>\n<tr>\n<td style=\"width: 20.0624%;\" width=\"218\">&nbsp;<\/p>\n<p>Claudia Tapia Rojas<\/td>\n<td style=\"width: 15.5925%;\" width=\"152\">Jefatura I medio B<\/p>\n<p>Historia<\/td>\n<td style=\"width: 13.4096%;\" width=\"141\">IB, IIA,IIIB y IVA-B<\/td>\n<td style=\"width: 19.3347%;\" width=\"208\">&nbsp;<\/p>\n<p>Lunes de 15:00 -16:00 hrs.<\/td>\n<td style=\"width: 30.4574%;\" width=\"238\"><a href=\"mailto:claudia.tapia@ismsancarlos.cl\">claudia.tapia@ismsancarlos.cl<\/a><\/td>\n<\/tr>\n<tr>\n<td style=\"width: 20.0624%;\" width=\"218\">&nbsp;<\/p>\n<p>Francisco Parada Rubilar<\/td>\n<td style=\"width: 15.5925%;\" width=\"152\">Jefatura II medio A<\/p>\n<p>Matem\u00e1tica<\/td>\n<td style=\"width: 13.4096%;\" width=\"141\">IA-B, IIA-B,<\/p>\n<p>IIIA-B y IVA-B<\/td>\n<td style=\"width: 19.3347%;\" width=\"208\">&nbsp;<\/p>\n<p>Viernes de 10:00-11:00 hrs.<\/td>\n<td style=\"width: 30.4574%;\" width=\"238\"><a href=\"mailto:francisco.parada.ru@ismsancarlos.cl\">francisco.parada.ru@ismsancarlos.cl<\/a><\/td>\n<\/tr>\n<tr>\n<td style=\"width: 20.0624%;\" width=\"218\">Esteban Arias Barros<\/td>\n<td style=\"width: 15.5925%;\" width=\"152\">Jefatura II medio B<\/p>\n<p>Historia<\/td>\n<td style=\"width: 13.4096%;\" width=\"141\">7\u00baA-B, IIB y IIIA<\/td>\n<td style=\"width: 19.3347%;\" width=\"208\">&nbsp;<\/p>\n<p>Viernes de 09:50 a 10:50 hrs.<\/td>\n<td style=\"width: 30.4574%;\" width=\"238\"><a href=\"mailto:esteban.arias.ba@ismsancarlos.cl\">esteban.arias.ba@ismsancarlos.cl<\/a><\/p>\n<p>&nbsp;<\/td>\n<\/tr>\n<tr>\n<td style=\"width: 20.0624%;\" width=\"218\">&nbsp;<\/p>\n<p>Jennifer Torres Sep\u00falveda<\/td>\n<td style=\"width: 15.5925%;\" width=\"152\">Jefatura III medio A<\/p>\n<p>Educaci\u00f3n F\u00edsica<\/td>\n<td style=\"width: 13.4096%;\" width=\"141\">7\u00baB y IIIA<\/td>\n<td style=\"width: 19.3347%;\" width=\"208\">&nbsp;<\/p>\n<p>Martes de 16:15- 17:15 hrs.<\/td>\n<td style=\"width: 30.4574%;\" width=\"238\"><a href=\"mailto:jennifer.torres.se@ismsancarlos.cl\">jennifer.torres.se@ismsancarlos.cl<\/a><\/td>\n<\/tr>\n<tr>\n<td style=\"width: 20.0624%;\" width=\"218\">&nbsp;<\/p>\n<p>Mat\u00edas Sald\u00eda Cataldo<\/td>\n<td style=\"width: 15.5925%;\" width=\"152\">Jefatura III medio B<\/p>\n<p>Educaci\u00f3n F\u00edsica<\/td>\n<td style=\"width: 13.4096%;\" width=\"141\">IIIB<\/td>\n<td style=\"width: 19.3347%;\" width=\"208\">&nbsp;<\/p>\n<p>Jueves de 11:30 a 12:30 hrs.<\/td>\n<td style=\"width: 30.4574%;\" width=\"238\"><a href=\"mailto:mat\u00edas.sald\u00eda.ca@ismsancarlos.cl\">mat\u00edas.sald\u00eda.ca@ismsancarlos.cl<\/a><\/td>\n<\/tr>\n<tr>\n<td style=\"width: 20.0624%;\" width=\"218\">&nbsp;<\/p>\n<p>Marcela Contreras Fuentes<\/td>\n<td style=\"width: 15.5925%;\" width=\"152\">Jefatura IV medio A<\/p>\n<p>Ingl\u00e9s<\/td>\n<td style=\"width: 13.4096%;\" width=\"141\">IIB, IIIA-B y IVA-B<\/td>\n<td style=\"width: 19.3347%;\" width=\"208\">&nbsp;<\/p>\n<p>Mi\u00e9rcoles de 14:30-15:30 hrs.<\/td>\n<td style=\"width: 30.4574%;\" width=\"238\"><a href=\"mailto:marcela.contreras.fu@ismsancarlos.cl\">marcela.contreras.fu@ismsancarlos.cl<\/a><\/td>\n<\/tr>\n<tr>\n<td style=\"width: 20.0624%;\" width=\"218\">&nbsp;<\/p>\n<p>Esteban Padilla Padilla<\/td>\n<td style=\"width: 15.5925%;\" width=\"152\">Jefatura IV medio B Matem\u00e1tica<\/td>\n<td style=\"width: 13.4096%;\" width=\"141\">IA-B, IIA-B,<\/p>\n<p>IIIA-B y IVA-B<\/td>\n<td style=\"width: 19.3347%;\" width=\"208\">&nbsp;<\/p>\n<p>Lunes de 14:30-15:30 hrs.<\/td>\n<td style=\"width: 30.4574%;\" width=\"238\"><a href=\"mailto:jose.padilla.pa@ismsancarlos.cl\">jose.padilla.pa@ismsancarlos.cl<\/a><\/td>\n<\/tr>\n<tr>\n<td style=\"width: 20.0624%;\" width=\"218\">&nbsp;<\/p>\n<p>Germ\u00e1n Norambuena Lagos<\/td>\n<td style=\"width: 15.5925%;\" width=\"152\">Lenguaje<\/td>\n<td style=\"width: 13.4096%;\" width=\"141\">IB, IIA-B,<\/p>\n<p>IIIA-B y IVA -B<\/td>\n<td style=\"width: 19.3347%;\" width=\"208\">&nbsp;<\/p>\n<p>Martes de 14:30-15:30 hrs.<\/td>\n<td style=\"width: 30.4574%;\" width=\"238\"><a href=\"mailto:german.norambuena.la@ismsancarlos.cl\">german.norambuena.la@ismsancarlos.cl<\/a><\/td>\n<\/tr>\n<tr>\n<td style=\"width: 20.0624%;\" width=\"218\">&nbsp;<\/p>\n<p>Francisca Medina Burgos<\/td>\n<td style=\"width: 15.5925%;\" width=\"152\">Lenguaje<\/td>\n<td style=\"width: 13.4096%;\" width=\"141\">IA-B, IIA-B,<\/p>\n<p>IIIA-B y IVB<\/td>\n<td style=\"width: 19.3347%;\" width=\"208\">&nbsp;<\/p>\n<p>Mi\u00e9rcoles de 11:30-12:30 hrs.<\/td>\n<td style=\"width: 30.4574%;\" width=\"238\"><a href=\"mailto:francisca.medina.bu@ismsancarlos.cl\">francisca.medina.bu@ismsancarlos.cl<\/a><\/p>\n<p>&nbsp;<\/td>\n<\/tr>\n<tr>\n<td style=\"width: 20.0624%;\" width=\"218\">Mar\u00eda Canales Gallegos<\/td>\n<td style=\"width: 15.5925%;\" width=\"152\">Matem\u00e1tica<\/td>\n<td style=\"width: 13.4096%;\" width=\"141\">7\u00baA-B y 8\u00baA-B<\/td>\n<td style=\"width: 19.3347%;\" width=\"208\">&nbsp;<\/p>\n<p>Lunes de 10:00-11:00 hrs.<\/td>\n<td style=\"width: 30.4574%;\" width=\"238\"><a href=\"mailto:mar\u00eda.canales.ga@ismsancarlos.cl\">mar\u00eda.canales.ga@ismsancarlos.cl<\/a><\/p>\n<p>&nbsp;<\/td>\n<\/tr>\n<tr>\n<td style=\"width: 20.0624%;\" width=\"218\">H\u00e9ctor Torres Crisosto<\/td>\n<td style=\"width: 15.5925%;\" width=\"152\">Qu\u00edmica<\/td>\n<td style=\"width: 13.4096%;\" width=\"141\">7\u00ba b\u00e1sico a II Medio<\/td>\n<td style=\"width: 19.3347%;\" width=\"208\">&nbsp;<\/p>\n<p>Lunes de 16:10 -17:10 hrs.<\/td>\n<td style=\"width: 30.4574%;\" width=\"238\"><a href=\"mailto:hector.torres@ismsancarlos.cl\">hector.torres@ismsancarlos.cl<\/a><\/p>\n<p>&nbsp;<\/td>\n<\/tr>\n<tr>\n<td style=\"width: 20.0624%;\" width=\"218\">Dafne Barrera<\/td>\n<td style=\"width: 15.5925%;\" width=\"152\">Ciencias<\/td>\n<td style=\"width: 13.4096%;\" width=\"141\">5\u00ba A 8\u00ba b\u00e1sico,<\/p>\n<p>IIIA-B y IVA<\/p>\n<p>&nbsp;<\/td>\n<td style=\"width: 19.3347%;\" width=\"208\">&nbsp;<\/p>\n<p>Lunes de 16:10 -17:10 hrs.<\/td>\n<td style=\"width: 30.4574%;\" width=\"238\"><a href=\"mailto:dafne.barrera.ri@ismsancarlos.cl\">dafne.barrera.ri@ismsancarlos.cl<\/a><\/p>\n<p>&nbsp;<\/td>\n<\/tr>\n<tr>\n<td style=\"width: 20.0624%;\" width=\"218\">Jos\u00e9 Miguel Navarrete<\/td>\n<td style=\"width: 15.5925%;\" width=\"152\">Ciencias<\/td>\n<td style=\"width: 13.4096%;\" width=\"141\">5\u00ba a IV medio<\/td>\n<td style=\"width: 19.3347%;\" width=\"208\">&nbsp;<\/p>\n<p>Mi\u00e9rcoles de 09:50-10:50 hrs.<\/td>\n<td style=\"width: 30.4574%;\" width=\"238\"><a href=\"mailto:jose.navarrete.he@ismsancarlos.cl\">jose.navarrete.he@ismsancarlos.cl<\/a><\/p>\n<p>&nbsp;<\/td>\n<\/tr>\n<tr>\n<td style=\"width: 20.0624%;\" width=\"218\">Luciana Ortega Ortega<\/td>\n<td style=\"width: 15.5925%;\" width=\"152\">M\u00fasica<\/td>\n<td style=\"width: 13.4096%;\" width=\"141\">6\u00ba b\u00e1sico a II Medio,<\/p>\n<p>IIIA-B y IVA-B<\/td>\n<td style=\"width: 19.3347%;\" width=\"208\">&nbsp;<\/p>\n<p>Lunes de 08:30-09:30 hrs.<\/td>\n<td style=\"width: 30.4574%;\" width=\"238\"><a href=\"mailto:luciana.ortega.or@ismsancarlos.cl\">luciana.ortega.or@ismsancarlos.cl<\/a><\/td>\n<\/tr>\n<tr>\n<td style=\"width: 20.0624%;\" width=\"218\">Valentina Quezada Ag\u00fcero<\/td>\n<td style=\"width: 15.5925%;\" width=\"152\">Tecnolog\u00eda<\/td>\n<td style=\"width: 13.4096%;\" width=\"141\">5\u00ba b\u00e1sico a II medio<\/td>\n<td style=\"width: 19.3347%;\" width=\"208\">&nbsp;<\/p>\n<p>Martes de 08:30-09:30 hrs.<\/td>\n<td style=\"width: 30.4574%;\" width=\"238\"><a href=\"mailto:valentina.quezada.ag@ismsancarlos.cl\">valentina.quezada.ag@ismsancarlos.cl<\/a><\/td>\n<\/tr>\n<tr>\n<td style=\"width: 20.0624%;\" width=\"218\">Valentina Cortes Salvador<\/td>\n<td style=\"width: 15.5925%;\" width=\"152\">Ingl\u00e9s<\/td>\n<td style=\"width: 13.4096%;\" width=\"141\">Pre k\u00ednder, 4\u00baA-B, 5\u00baA-B, IA-B y IIA<\/td>\n<td style=\"width: 19.3347%;\" width=\"208\">&nbsp;<\/p>\n<p>Jueves de 09:50-10:50 hrs.<\/td>\n<td style=\"width: 30.4574%;\" width=\"238\"><a href=\"mailto:valentina.cortes.sa@ismsancarlos.cl\">valentina.cortes.sa@ismsancarlos.cl<\/a><\/td>\n<\/tr>\n<tr>\n<td style=\"width: 20.0624%;\" width=\"218\">Susana Medina Herrera<\/td>\n<td style=\"width: 15.5925%;\" width=\"152\">E. F\u00edsica y C- Extraescolar<\/td>\n<td style=\"width: 13.4096%;\" width=\"141\">Pre k\u00ednder, k\u00ednder, 2\u00baA, IIA y IVA<\/td>\n<td style=\"width: 19.3347%;\" width=\"208\">&nbsp;<\/p>\n<p>Lunes de 08:00- 09:00 hrs.<\/td>\n<td style=\"width: 30.4574%;\" width=\"238\"><a href=\"mailto:susana.medina.he@ismsancarlos.cl\">susana.medina.he@ismsancarlos.cl<\/a><\/td>\n<\/tr>\n<tr>\n<td style=\"width: 20.0624%;\" width=\"218\">V\u00edctor Saintard Allende<\/td>\n<td style=\"width: 15.5925%;\" width=\"152\">Educaci\u00f3n F\u00edsica<\/td>\n<td style=\"width: 13.4096%;\" width=\"141\">1\u00baA, 7\u00baA, 8\u00baA, IIB<\/p>\n<p>y IVA-B<\/td>\n<td style=\"width: 19.3347%;\" width=\"208\">&nbsp;<\/p>\n<p>Martes de 10:35-11:35 hrs.<\/p>\n<p>&nbsp;<\/td>\n<td style=\"width: 30.4574%;\" width=\"238\"><a href=\"mailto:victor.saintard.al@ismsancarlos.cl\">victor.saintard.al@ismsancarlos.cl<\/a><\/td>\n<\/tr>\n<tr>\n<td style=\"width: 20.0624%;\" width=\"218\">Karem Pino Palma<\/td>\n<td style=\"width: 15.5925%;\" width=\"152\">Jefatura 5\u00b0A-Educaci\u00f3n F\u00edsica<\/td>\n<td style=\"width: 13.4096%;\" width=\"141\">1\u00baB, 2\u00baB,3\u00baB, 4\u00baB, 5\u00baA, 6\u00baA y 8\u00baB<\/td>\n<td style=\"width: 19.3347%;\" width=\"208\">&nbsp;<\/p>\n<p>Lunes de 08:15- 09:15 hrs.<\/td>\n<td style=\"width: 30.4574%;\" width=\"238\"><a href=\"mailto:karem.pino.pa@ismsancarlos.cl\">karem.pino.pa@ismsancarlos.cl<\/a><\/p>\n<p>&nbsp;<\/td>\n<\/tr>\n<tr>\n<td style=\"width: 20.0624%;\" width=\"218\">Nelson Silva Zapata<\/td>\n<td style=\"width: 15.5925%;\" width=\"152\">Jefatura 5\u00b0B- Educaci\u00f3n F\u00edsica<\/td>\n<td style=\"width: 13.4096%;\" width=\"141\">3\u00baA, 4\u00baA, 5\u00baB, 6\u00baB, IB y IIIA-B<\/td>\n<td style=\"width: 19.3347%;\" width=\"208\">&nbsp;<\/p>\n<p>Mi\u00e9rcoles de 14:45-15:45 hrs.<\/td>\n<td style=\"width: 30.4574%;\" width=\"238\"><a href=\"mailto:nelson.silva.za@ismsancarlos.cl\">nelson.silva.za@ismsancarlos.cl<\/a><\/p>\n<p>&nbsp;<\/td>\n<\/tr>\n<tr>\n<td style=\"width: 20.0624%;\" width=\"218\">Monserrat Contreras Hern\u00e1ndez<\/td>\n<td style=\"width: 15.5925%;\" width=\"152\">Religi\u00f3n<\/td>\n<td style=\"width: 13.4096%;\" width=\"141\">7\u00ba b\u00e1sico a IV medio<\/td>\n<td style=\"width: 19.3347%;\" width=\"208\">&nbsp;<\/p>\n<p>Mi\u00e9rcoles de 12:00-13:00 hrs.<\/td>\n<td style=\"width: 30.4574%;\" width=\"238\"><a href=\"mailto:monserrat.contreras.he@ismsancarlos.cl\">monserrat.contreras.he@ismsancarlos.cl<\/a><\/td>\n<\/tr>\n<tr>\n<td style=\"width: 98.8565%;\" colspan=\"5\" width=\"956\">EQUIPO PIE II CICLO<\/td>\n<\/tr>\n<tr>\n<td style=\"width: 20.0624%;\" width=\"218\">Fernanda Arjona Rivas<\/td>\n<td style=\"width: 15.5925%;\" width=\"152\">Educadora Diferencial<\/td>\n<td style=\"width: 13.4096%;\" width=\"141\">7\u00baA-B<\/td>\n<td style=\"width: 19.3347%;\" width=\"208\">&nbsp;<\/p>\n<p>Mi\u00e9rcoles de 14:30-15:15 hrs.<\/td>\n<td style=\"width: 30.4574%;\" width=\"238\"><a href=\"mailto:fernanda.arjona@ismsancarlos.cl\">fernanda.arjona@ismsancarlos.cl<\/a><\/p>\n<p>&nbsp;<\/td>\n<\/tr>\n<tr>\n<td style=\"width: 20.0624%;\" width=\"218\">Cristian P\u00e1ez<\/td>\n<td style=\"width: 15.5925%;\" width=\"152\">Educador Diferencial<\/td>\n<td style=\"width: 13.4096%;\" width=\"141\">8\u00baA-B<\/td>\n<td style=\"width: 19.3347%;\" width=\"208\">&nbsp;<\/p>\n<p>Martes 18:25-19:00hrs.<\/td>\n<td style=\"width: 30.4574%;\" width=\"238\"><a href=\"mailto:cristian.paez.pa@ismsancarlos.cl\">cristian.paez.pa@ismsancarlos.cl<\/a><\/p>\n<p>&nbsp;<\/td>\n<\/tr>\n<tr>\n<td style=\"width: 20.0624%;\" width=\"218\">Rodrigo Mart\u00ednez Sandoval<\/td>\n<td style=\"width: 15.5925%;\" width=\"152\">Educador Diferencial<\/td>\n<td style=\"width: 13.4096%;\" width=\"141\">I medio A-B<\/td>\n<td style=\"width: 19.3347%;\" width=\"208\">&nbsp;<\/p>\n<p>Martes de 12:15-13:00 hrs.<\/td>\n<td style=\"width: 30.4574%;\" width=\"238\"><a href=\"mailto:rodrigo.martinez.sa@ismsancarlos.cl\">rodrigo.martinez.sa@ismsancarlos.cl<\/a><\/p>\n<p>&nbsp;<\/td>\n<\/tr>\n<tr>\n<td style=\"width: 20.0624%;\" width=\"218\">Anyxa Godoy Carvajal<\/td>\n<td style=\"width: 15.5925%;\" width=\"152\">Educadora Diferencial<\/td>\n<td style=\"width: 13.4096%;\" width=\"141\">II medio A-B<\/td>\n<td style=\"width: 19.3347%;\" width=\"208\">&nbsp;<\/p>\n<p>Lunes 18:25-19:00hrs<\/td>\n<td style=\"width: 30.4574%;\" width=\"238\"><a href=\"mailto:anyxa.godoy.ca@ismsancarlos.cl\">anyxa.godoy.ca@ismsancarlos.cl<\/a><\/p>\n<p>&nbsp;<\/td>\n<\/tr>\n<tr>\n<td style=\"width: 20.0624%;\" width=\"218\">Roc\u00edo Sandoval Melin<\/td>\n<td style=\"width: 15.5925%;\" width=\"152\">Educador Diferencial<\/td>\n<td style=\"width: 13.4096%;\" width=\"141\">III medio A-B<\/td>\n<td style=\"width: 19.3347%;\" width=\"208\">&nbsp;<\/p>\n<p>Martes de 14:30-15:15 hrs.<\/td>\n<td style=\"width: 30.4574%;\" width=\"238\"><a href=\"mailto:rocio.sandoval.me@ismsancarlos.cl\">rocio.sandoval.me@ismsancarlos.cl<\/a><\/p>\n<p>&nbsp;<\/td>\n<\/tr>\n<tr>\n<td style=\"width: 20.0624%;\" width=\"218\">Carolina Robles Maluenda<\/td>\n<td style=\"width: 15.5925%;\" width=\"152\">Educadora Diferencial<\/td>\n<td style=\"width: 13.4096%;\" width=\"141\">IV medio A-B<\/td>\n<td style=\"width: 19.3347%;\" width=\"208\">&nbsp;<\/p>\n<p>Mi\u00e9rcoles de 12:15-13:00hrs.<\/td>\n<td style=\"width: 30.4574%;\" width=\"238\"><a href=\"mailto:carolina.robles.ma@ismsancarlos.cl\">carolina.robles.ma@ismsancarlos.cl<\/a><\/p>\n<p>&nbsp;<\/td>\n<\/tr>\n<\/tbody>\n<\/table>\n<p>&nbsp;<\/p>\n<p>&nbsp;<\/p>\n<p>&nbsp;<\/p>\n<p>&nbsp;<\/p>\n<p>[\/vc_column_text][\/vc_tta_section][\/vc_tta_accordion][\/vc_column][\/vc_row]<\/p>\n","protected":false},"excerpt":{"rendered":"<p>[vc_row][vc_column][stm_title sep_color=\u00bbcustom\u00bb page_title_enable=\u00bbtrue\u00bb sep_enable=\u00bbtrue\u00bb sep_color_custom=\u00bb#fad900&#8243;][\/stm_title][\/vc_column][\/vc_row][vc_row][vc_column width=\u00bb7\/12&#8243;][vc_column_text]El segundo Ciclo de nuestro establecimiento, que comprende entre 7\u00b0 y IV medio,\u00a0 est\u00e1 compuesto por\u00a0 435 estudiantes, quienes fluct\u00faan entre los 12 y los 18 a\u00f1os de edad, los que son atendidos por diferentes profesionales tales como: profesores jefes y de asignatura, educadoras diferenciales, Orientadora, Psic\u00f3logos, fonoaudi\u00f3logas, terapeuta ocupacional, [&hellip;]<\/p>\n","protected":false},"author":1,"featured_media":0,"parent":0,"menu_order":0,"comment_status":"closed","ping_status":"closed","template":"","meta":{"_price":"","_stock":"","_tribe_ticket_header":"","_tribe_default_ticket_provider":"","_tribe_ticket_capacity":"0","_ticket_start_date":"","_ticket_end_date":"","_tribe_ticket_show_description":"","_tribe_ticket_show_not_going":false,"_tribe_ticket_use_global_stock":"","_tribe_ticket_global_stock_level":"","_global_stock_mode":"","_global_stock_cap":"","_tribe_rsvp_for_event":"","_tribe_ticket_going_count":"","_tribe_ticket_not_going_count":"","_tribe_tickets_list":"[]","_tribe_ticket_has_attendee_info_fields":false,"footnotes":"","_tec_slr_enabled":"","_tec_slr_layout":""},"class_list":["post-13910","page","type-page","status-publish","hentry"],"yoast_head":"<!-- This site is optimized with the Yoast SEO plugin v25.6 - https:\/\/yoast.com\/wordpress\/plugins\/seo\/ -->\n<title>Segundo Ciclo | Instituto Santa Mar\u00eda - San Carlos<\/title>\n<meta name=\"robots\" content=\"index, follow, max-snippet:-1, max-image-preview:large, max-video-preview:-1\" \/>\n<link rel=\"canonical\" href=\"https:\/\/ismsancarlos.cl\/site2\/segundo-ciclo\/\" \/>\n<meta property=\"og:locale\" content=\"es_ES\" \/>\n<meta property=\"og:type\" content=\"article\" \/>\n<meta property=\"og:title\" content=\"Segundo Ciclo | Instituto Santa Mar\u00eda - San Carlos\" \/>\n<meta property=\"og:description\" content=\"[vc_row][vc_column][stm_title sep_color=\u00bbcustom\u00bb page_title_enable=\u00bbtrue\u00bb sep_enable=\u00bbtrue\u00bb sep_color_custom=\u00bb#fad900&#8243;][\/stm_title][\/vc_column][\/vc_row][vc_row][vc_column width=\u00bb7\/12&#8243;][vc_column_text]El segundo Ciclo de nuestro establecimiento, que comprende entre 7\u00b0 y IV medio,\u00a0 est\u00e1 compuesto por\u00a0 435 estudiantes, quienes fluct\u00faan entre los 12 y los 18 a\u00f1os de edad, los que son atendidos por diferentes profesionales tales como: profesores jefes y de asignatura, educadoras diferenciales, Orientadora, Psic\u00f3logos, fonoaudi\u00f3logas, terapeuta ocupacional, [&hellip;]\" \/>\n<meta property=\"og:url\" content=\"https:\/\/ismsancarlos.cl\/site2\/segundo-ciclo\/\" \/>\n<meta property=\"og:site_name\" content=\"Instituto Santa Mar\u00eda - San Carlos\" \/>\n<meta property=\"article:publisher\" content=\"https:\/\/www.facebook.com\/insamach\" \/>\n<meta property=\"article:modified_time\" content=\"2026-03-12T13:30:38+00:00\" \/>\n<meta name=\"twitter:card\" content=\"summary_large_image\" \/>\n<meta name=\"twitter:label1\" content=\"Tiempo de lectura\" \/>\n\t<meta name=\"twitter:data1\" content=\"10 minutos\" \/>\n<script type=\"application\/ld+json\" class=\"yoast-schema-graph\">{\"@context\":\"https:\/\/schema.org\",\"@graph\":[{\"@type\":\"WebPage\",\"@id\":\"https:\/\/ismsancarlos.cl\/site2\/segundo-ciclo\/\",\"url\":\"https:\/\/ismsancarlos.cl\/site2\/segundo-ciclo\/\",\"name\":\"Segundo Ciclo | Instituto Santa Mar\u00eda - San Carlos\",\"isPartOf\":{\"@id\":\"https:\/\/ismsancarlos.cl\/site2\/#website\"},\"datePublished\":\"2024-03-20T13:46:38+00:00\",\"dateModified\":\"2026-03-12T13:30:38+00:00\",\"breadcrumb\":{\"@id\":\"https:\/\/ismsancarlos.cl\/site2\/segundo-ciclo\/#breadcrumb\"},\"inLanguage\":\"es\",\"potentialAction\":[{\"@type\":\"ReadAction\",\"target\":[\"https:\/\/ismsancarlos.cl\/site2\/segundo-ciclo\/\"]}]},{\"@type\":\"BreadcrumbList\",\"@id\":\"https:\/\/ismsancarlos.cl\/site2\/segundo-ciclo\/#breadcrumb\",\"itemListElement\":[{\"@type\":\"ListItem\",\"position\":1,\"name\":\"Portada\",\"item\":\"https:\/\/ismsancarlos.cl\/site2\/\"},{\"@type\":\"ListItem\",\"position\":2,\"name\":\"Segundo Ciclo\"}]},{\"@type\":\"WebSite\",\"@id\":\"https:\/\/ismsancarlos.cl\/site2\/#website\",\"url\":\"https:\/\/ismsancarlos.cl\/site2\/\",\"name\":\"Instituto Santa Mar\u00eda - San Carlos\",\"description\":\"&quot;Aprender m\u00e1s para servir mejor&quot;\",\"publisher\":{\"@id\":\"https:\/\/ismsancarlos.cl\/site2\/#organization\"},\"potentialAction\":[{\"@type\":\"SearchAction\",\"target\":{\"@type\":\"EntryPoint\",\"urlTemplate\":\"https:\/\/ismsancarlos.cl\/site2\/?s={search_term_string}\"},\"query-input\":{\"@type\":\"PropertyValueSpecification\",\"valueRequired\":true,\"valueName\":\"search_term_string\"}}],\"inLanguage\":\"es\"},{\"@type\":\"Organization\",\"@id\":\"https:\/\/ismsancarlos.cl\/site2\/#organization\",\"name\":\"Instituto Santa Mar\u00eda Chill\u00e1n\",\"url\":\"https:\/\/ismsancarlos.cl\/site2\/\",\"logo\":{\"@type\":\"ImageObject\",\"inLanguage\":\"es\",\"@id\":\"https:\/\/ismsancarlos.cl\/site2\/#\/schema\/logo\/image\/\",\"url\":\"https:\/\/ismchillan.cl\/site\/wp-content\/uploads\/2021\/02\/logo-ISM-Chillan.png\",\"contentUrl\":\"https:\/\/ismchillan.cl\/site\/wp-content\/uploads\/2021\/02\/logo-ISM-Chillan.png\",\"width\":746,\"height\":228,\"caption\":\"Instituto Santa Mar\u00eda Chill\u00e1n\"},\"image\":{\"@id\":\"https:\/\/ismsancarlos.cl\/site2\/#\/schema\/logo\/image\/\"},\"sameAs\":[\"https:\/\/www.facebook.com\/insamach\",\"https:\/\/www.instagram.com\/ism_chillan\/?hl=es-la\",\"https:\/\/www.youtube.com\/channel\/UCU8IW1d8akOJJTePPCCMjjA\"]}]}<\/script>\n<!-- \/ Yoast SEO plugin. -->","yoast_head_json":{"title":"Segundo Ciclo | Instituto Santa Mar\u00eda - San Carlos","robots":{"index":"index","follow":"follow","max-snippet":"max-snippet:-1","max-image-preview":"max-image-preview:large","max-video-preview":"max-video-preview:-1"},"canonical":"https:\/\/ismsancarlos.cl\/site2\/segundo-ciclo\/","og_locale":"es_ES","og_type":"article","og_title":"Segundo Ciclo | Instituto Santa Mar\u00eda - San Carlos","og_description":"[vc_row][vc_column][stm_title sep_color=\u00bbcustom\u00bb page_title_enable=\u00bbtrue\u00bb sep_enable=\u00bbtrue\u00bb sep_color_custom=\u00bb#fad900&#8243;][\/stm_title][\/vc_column][\/vc_row][vc_row][vc_column width=\u00bb7\/12&#8243;][vc_column_text]El segundo Ciclo de nuestro establecimiento, que comprende entre 7\u00b0 y IV medio,\u00a0 est\u00e1 compuesto por\u00a0 435 estudiantes, quienes fluct\u00faan entre los 12 y los 18 a\u00f1os de edad, los que son atendidos por diferentes profesionales tales como: profesores jefes y de asignatura, educadoras diferenciales, Orientadora, Psic\u00f3logos, fonoaudi\u00f3logas, terapeuta ocupacional, [&hellip;]","og_url":"https:\/\/ismsancarlos.cl\/site2\/segundo-ciclo\/","og_site_name":"Instituto Santa Mar\u00eda - San Carlos","article_publisher":"https:\/\/www.facebook.com\/insamach","article_modified_time":"2026-03-12T13:30:38+00:00","twitter_card":"summary_large_image","twitter_misc":{"Tiempo de lectura":"10 minutos"},"schema":{"@context":"https:\/\/schema.org","@graph":[{"@type":"WebPage","@id":"https:\/\/ismsancarlos.cl\/site2\/segundo-ciclo\/","url":"https:\/\/ismsancarlos.cl\/site2\/segundo-ciclo\/","name":"Segundo Ciclo | Instituto Santa Mar\u00eda - San Carlos","isPartOf":{"@id":"https:\/\/ismsancarlos.cl\/site2\/#website"},"datePublished":"2024-03-20T13:46:38+00:00","dateModified":"2026-03-12T13:30:38+00:00","breadcrumb":{"@id":"https:\/\/ismsancarlos.cl\/site2\/segundo-ciclo\/#breadcrumb"},"inLanguage":"es","potentialAction":[{"@type":"ReadAction","target":["https:\/\/ismsancarlos.cl\/site2\/segundo-ciclo\/"]}]},{"@type":"BreadcrumbList","@id":"https:\/\/ismsancarlos.cl\/site2\/segundo-ciclo\/#breadcrumb","itemListElement":[{"@type":"ListItem","position":1,"name":"Portada","item":"https:\/\/ismsancarlos.cl\/site2\/"},{"@type":"ListItem","position":2,"name":"Segundo Ciclo"}]},{"@type":"WebSite","@id":"https:\/\/ismsancarlos.cl\/site2\/#website","url":"https:\/\/ismsancarlos.cl\/site2\/","name":"Instituto Santa Mar\u00eda - San Carlos","description":"&quot;Aprender m\u00e1s para servir mejor&quot;","publisher":{"@id":"https:\/\/ismsancarlos.cl\/site2\/#organization"},"potentialAction":[{"@type":"SearchAction","target":{"@type":"EntryPoint","urlTemplate":"https:\/\/ismsancarlos.cl\/site2\/?s={search_term_string}"},"query-input":{"@type":"PropertyValueSpecification","valueRequired":true,"valueName":"search_term_string"}}],"inLanguage":"es"},{"@type":"Organization","@id":"https:\/\/ismsancarlos.cl\/site2\/#organization","name":"Instituto Santa Mar\u00eda Chill\u00e1n","url":"https:\/\/ismsancarlos.cl\/site2\/","logo":{"@type":"ImageObject","inLanguage":"es","@id":"https:\/\/ismsancarlos.cl\/site2\/#\/schema\/logo\/image\/","url":"https:\/\/ismchillan.cl\/site\/wp-content\/uploads\/2021\/02\/logo-ISM-Chillan.png","contentUrl":"https:\/\/ismchillan.cl\/site\/wp-content\/uploads\/2021\/02\/logo-ISM-Chillan.png","width":746,"height":228,"caption":"Instituto Santa Mar\u00eda Chill\u00e1n"},"image":{"@id":"https:\/\/ismsancarlos.cl\/site2\/#\/schema\/logo\/image\/"},"sameAs":["https:\/\/www.facebook.com\/insamach","https:\/\/www.instagram.com\/ism_chillan\/?hl=es-la","https:\/\/www.youtube.com\/channel\/UCU8IW1d8akOJJTePPCCMjjA"]}]}},"ticketed":false,"_links":{"self":[{"href":"https:\/\/ismsancarlos.cl\/site2\/wp-json\/wp\/v2\/pages\/13910","targetHints":{"allow":["GET"]}}],"collection":[{"href":"https:\/\/ismsancarlos.cl\/site2\/wp-json\/wp\/v2\/pages"}],"about":[{"href":"https:\/\/ismsancarlos.cl\/site2\/wp-json\/wp\/v2\/types\/page"}],"author":[{"embeddable":true,"href":"https:\/\/ismsancarlos.cl\/site2\/wp-json\/wp\/v2\/users\/1"}],"replies":[{"embeddable":true,"href":"https:\/\/ismsancarlos.cl\/site2\/wp-json\/wp\/v2\/comments?post=13910"}],"version-history":[{"count":40,"href":"https:\/\/ismsancarlos.cl\/site2\/wp-json\/wp\/v2\/pages\/13910\/revisions"}],"predecessor-version":[{"id":16442,"href":"https:\/\/ismsancarlos.cl\/site2\/wp-json\/wp\/v2\/pages\/13910\/revisions\/16442"}],"wp:attachment":[{"href":"https:\/\/ismsancarlos.cl\/site2\/wp-json\/wp\/v2\/media?parent=13910"}],"curies":[{"name":"wp","href":"https:\/\/api.w.org\/{rel}","templated":true}]}}