{"version":"1.0","provider_name":"Instituto Santa Mar\u00eda - San Carlos","provider_url":"https:\/\/ismsancarlos.cl\/site2","author_name":"admin","author_url":"https:\/\/ismsancarlos.cl\/site2\/author\/admin\/","title":"Conmemoraci\u00f3n del D\u00eda del Carabinero | Instituto Santa Mar\u00eda - San Carlos","type":"rich","width":600,"height":338,"html":"<blockquote class=\"wp-embedded-content\" data-secret=\"wTyB4mL8sV\"><a href=\"https:\/\/ismsancarlos.cl\/site2\/conmemoracion-del-dia-del-carabinero\/\">Conmemoraci\u00f3n del D\u00eda del Carabinero<\/a><\/blockquote><iframe sandbox=\"allow-scripts\" security=\"restricted\" src=\"https:\/\/ismsancarlos.cl\/site2\/conmemoracion-del-dia-del-carabinero\/embed\/#?secret=wTyB4mL8sV\" width=\"600\" height=\"338\" title=\"\u00abConmemoraci\u00f3n del D\u00eda del Carabinero\u00bb \u2014 Instituto Santa Mar\u00eda - San Carlos\" data-secret=\"wTyB4mL8sV\" frameborder=\"0\" marginwidth=\"0\" marginheight=\"0\" scrolling=\"no\" class=\"wp-embedded-content\"><\/iframe><script type=\"text\/javascript\">\n\/* <![CDATA[ *\/\n\/*! This file is auto-generated *\/\n!function(d,l){\"use strict\";l.querySelector&&d.addEventListener&&\"undefined\"!=typeof URL&&(d.wp=d.wp||{},d.wp.receiveEmbedMessage||(d.wp.receiveEmbedMessage=function(e){var t=e.data;if((t||t.secret||t.message||t.value)&&!\/[^a-zA-Z0-9]\/.test(t.secret)){for(var s,r,n,a=l.querySelectorAll('iframe[data-secret=\"'+t.secret+'\"]'),o=l.querySelectorAll('blockquote[data-secret=\"'+t.secret+'\"]'),c=new RegExp(\"^https?:$\",\"i\"),i=0;i<o.length;i++)o[i].style.display=\"none\";for(i=0;i<a.length;i++)s=a[i],e.source===s.contentWindow&&(s.removeAttribute(\"style\"),\"height\"===t.message?(1e3<(r=parseInt(t.value,10))?r=1e3:~~r<200&&(r=200),s.height=r):\"link\"===t.message&&(r=new URL(s.getAttribute(\"src\")),n=new URL(t.value),c.test(n.protocol))&&n.host===r.host&&l.activeElement===s&&(d.top.location.href=t.value))}},d.addEventListener(\"message\",d.wp.receiveEmbedMessage,!1),l.addEventListener(\"DOMContentLoaded\",function(){for(var e,t,s=l.querySelectorAll(\"iframe.wp-embedded-content\"),r=0;r<s.length;r++)(t=(e=s[r]).getAttribute(\"data-secret\"))||(t=Math.random().toString(36).substring(2,12),e.src+=\"#?secret=\"+t,e.setAttribute(\"data-secret\",t)),e.contentWindow.postMessage({message:\"ready\",secret:t},\"*\")},!1)))}(window,document);\n\/\/# sourceURL=https:\/\/ismsancarlos.cl\/site2\/wp-includes\/js\/wp-embed.min.js\n\/* ]]> *\/\n<\/script>\n","thumbnail_url":"https:\/\/ismsancarlos.cl\/site2\/wp-content\/uploads\/2026\/04\/PLANTILLAS-GRAFICAS-2026-INSTA-3.jpg","thumbnail_width":1080,"thumbnail_height":1350,"description":"Hoy 27 de abril, Chile conmemora el D\u00eda del Carabinero, una fecha que rinde homenaje a la fundaci\u00f3n de esta instituci\u00f3n en 1927 por el entonces Vicepresidente de la Rep\u00fablica, Carlos Ib\u00e1\u00f1ez del Campo. La creaci\u00f3n de Carabineros de Chile marc\u00f3 un hito hist\u00f3rico al unificar diversas fuerzas policiales existentes en un solo cuerpo t\u00e9cnico [&hellip;]"}